{"id":13936,"date":"2020-06-02T23:53:08","date_gmt":"2020-06-02T22:53:08","guid":{"rendered":"http:\/\/www.daniperezfotografia.es\/wordpress\/?page_id=13936"},"modified":"2020-06-03T00:32:00","modified_gmt":"2020-06-02T23:32:00","slug":"pagina-no-encontrada","status":"publish","type":"page","link":"https:\/\/www.daniperezfotografia.es\/wordpress\/pagina-no-encontrada","title":{"rendered":"ERROR 404 &#8211; P\u00e1gina no encontrada"},"content":{"rendered":"<p style=\"text-align: center;\">Lo sentimos, pero no hemos encontrado la p\u00e1gina solicitada.<br \/>\nSi deseas hacernos una consulta, por favor, escr\u00edbenos a trav\u00e9s de nuestro <a href=\"http:\/\/www.daniperezfotografia.es\/wordpress\/email-telefono-fotografo-madrid\">formulario de contacto<\/a><\/p>\n<p>&nbsp;<\/p>\n<h2 style=\"text-align: center;\">Encuentra lo que buscabas<\/h2>\n<p style=\"text-align: center;\"><!-- Widget Shortcode --><div id=\"search-5\" class=\"widget widget_search widget-shortcode area-arbitrary \">\n\n<form role=\"search\" method=\"get\" class=\"ct-search-form\" data-form-controls=\"inside\" data-taxonomy-filter=\"false\" data-submit-button=\"icon\" action=\"https:\/\/www.daniperezfotografia.es\/wordpress\/\" aria-haspopup=\"listbox\" >\n\n\t<input\n\t\ttype=\"search\" \t\tplaceholder=\"Buscar\"\n\t\tvalue=\"\"\n\t\tname=\"s\"\n\t\tautocomplete=\"off\"\n\t\ttitle=\"Buscar...\"\n\t\taria-label=\"Buscar...\"\n\t\t\t>\n\n\t<div class=\"ct-search-form-controls\">\n\t\t\n\t\t<button type=\"submit\" class=\"wp-element-button\" data-button=\"inside:icon\" aria-label=\"Bot\u00f3n de b\u00fasqueda\">\n\t\t\t<svg class=\"ct-icon ct-search-button-content\" aria-hidden=\"true\" width=\"15\" height=\"15\" viewBox=\"0 0 15 15\"><path d=\"M14.8,13.7L12,11c0.9-1.2,1.5-2.6,1.5-4.2c0-3.7-3-6.8-6.8-6.8S0,3,0,6.8s3,6.8,6.8,6.8c1.6,0,3.1-0.6,4.2-1.5l2.8,2.8c0.1,0.1,0.3,0.2,0.5,0.2s0.4-0.1,0.5-0.2C15.1,14.5,15.1,14,14.8,13.7z M1.5,6.8c0-2.9,2.4-5.2,5.2-5.2S12,3.9,12,6.8S9.6,12,6.8,12S1.5,9.6,1.5,6.8z\"\/><\/svg>\n\t\t\t<span class=\"ct-ajax-loader\">\n\t\t\t\t<svg viewBox=\"0 0 24 24\">\n\t\t\t\t\t<circle cx=\"12\" cy=\"12\" r=\"10\" opacity=\"0.2\" fill=\"none\" stroke=\"currentColor\" stroke-miterlimit=\"10\" stroke-width=\"2\"\/>\n\n\t\t\t\t\t<path d=\"m12,2c5.52,0,10,4.48,10,10\" fill=\"none\" stroke=\"currentColor\" stroke-linecap=\"round\" stroke-miterlimit=\"10\" stroke-width=\"2\">\n\t\t\t\t\t\t<animateTransform\n\t\t\t\t\t\t\tattributeName=\"transform\"\n\t\t\t\t\t\t\tattributeType=\"XML\"\n\t\t\t\t\t\t\ttype=\"rotate\"\n\t\t\t\t\t\t\tdur=\"0.6s\"\n\t\t\t\t\t\t\tfrom=\"0 12 12\"\n\t\t\t\t\t\t\tto=\"360 12 12\"\n\t\t\t\t\t\t\trepeatCount=\"indefinite\"\n\t\t\t\t\t\t\/>\n\t\t\t\t\t<\/path>\n\t\t\t\t<\/svg>\n\t\t\t<\/span>\n\t\t<\/button>\n\n\t\t\n\t\t\n\t\t\n\n\t\t\t<\/div>\n\n\t\n<\/form>\n\n\n<\/div><!-- \/Widget Shortcode -->\n<p>&nbsp;<\/p>\n<h2 style=\"text-align: center;\">\u00bfBuscabas alguno de estos servicios de fotograf\u00eda?<\/h2>\n<p>&nbsp;<\/p>\n<div class=\"su-row\">\n<div class=\"su-column su-column-size-1-2\"><div class=\"su-column-inner su-u-clearfix su-u-trim\">\n<p style=\"text-align: center;\"><a href=\"http:\/\/www.daniperezfotografia.es\/wordpress\/bodas\"><img loading=\"lazy\" decoding=\"async\" class=\"alignnone wp-image-11736 size-full\" title=\"foto de boda en la finca cortijo el gallinero\" src=\"http:\/\/www.daniperezfotografia.es\/wordpress\/wp-content\/uploads\/2017\/03\/fotografo-de-boda-finca-cortijo-el-gallinero-25.jpg\" alt=\"foto de boda en la finca cortijo el gallinero\" width=\"1100\" height=\"732\" srcset=\"https:\/\/www.daniperezfotografia.es\/wordpress\/wp-content\/uploads\/2017\/03\/fotografo-de-boda-finca-cortijo-el-gallinero-25.jpg 1100w, https:\/\/www.daniperezfotografia.es\/wordpress\/wp-content\/uploads\/2017\/03\/fotografo-de-boda-finca-cortijo-el-gallinero-25-750x499.jpg 750w, https:\/\/www.daniperezfotografia.es\/wordpress\/wp-content\/uploads\/2017\/03\/fotografo-de-boda-finca-cortijo-el-gallinero-25-768x511.jpg 768w, https:\/\/www.daniperezfotografia.es\/wordpress\/wp-content\/uploads\/2017\/03\/fotografo-de-boda-finca-cortijo-el-gallinero-25-1024x681.jpg 1024w, https:\/\/www.daniperezfotografia.es\/wordpress\/wp-content\/uploads\/2017\/03\/fotografo-de-boda-finca-cortijo-el-gallinero-25-700x466.jpg 700w\" sizes=\"auto, (max-width: 1100px) 100vw, 1100px\" \/><\/a><\/p>\n<h3 style=\"text-align: center;\"><a href=\"http:\/\/www.daniperezfotografia.es\/wordpress\/bodas\">REPORTAJES DE BODAS<\/a><\/h3>\n<p>&nbsp;<\/p>\n<\/div><\/div>\n<div class=\"su-column su-column-size-1-2\"><div class=\"su-column-inner su-u-clearfix su-u-trim\">\n<p><a href=\"http:\/\/www.daniperezfotografia.es\/wordpress\/fotos-de-bautizo\"><img loading=\"lazy\" decoding=\"async\" class=\"alignnone wp-image-13841 size-full\" title=\"foto de familia de bautizo con Carlos Baute y Astrid Klisans\" src=\"http:\/\/www.daniperezfotografia.es\/wordpress\/wp-content\/uploads\/2020\/05\/foto-bautizo-hijos-famosos-carlos-baute-astrid-klisans.jpg\" alt=\"foto de familia de bautizo con Carlos Baute y Astrid Klisans\" width=\"1100\" height=\"732\" srcset=\"https:\/\/www.daniperezfotografia.es\/wordpress\/wp-content\/uploads\/2020\/05\/foto-bautizo-hijos-famosos-carlos-baute-astrid-klisans.jpg 1100w, https:\/\/www.daniperezfotografia.es\/wordpress\/wp-content\/uploads\/2020\/05\/foto-bautizo-hijos-famosos-carlos-baute-astrid-klisans-750x499.jpg 750w, https:\/\/www.daniperezfotografia.es\/wordpress\/wp-content\/uploads\/2020\/05\/foto-bautizo-hijos-famosos-carlos-baute-astrid-klisans-1024x681.jpg 1024w, https:\/\/www.daniperezfotografia.es\/wordpress\/wp-content\/uploads\/2020\/05\/foto-bautizo-hijos-famosos-carlos-baute-astrid-klisans-768x511.jpg 768w\" sizes=\"auto, (max-width: 1100px) 100vw, 1100px\" \/><\/a><\/p>\n<h3 style=\"text-align: center;\"><a href=\"http:\/\/www.daniperezfotografia.es\/wordpress\/fotos-de-bautizo\">REPORTAJES DE FOTOS DE BAUTIZO<\/a><\/h3>\n<p>&nbsp;<\/p>\n<\/div><\/div>\n<\/div>\n<div class=\"su-row\">\n<div class=\"su-column su-column-size-1-2\"><div class=\"su-column-inner su-u-clearfix su-u-trim\">\n<p><a href=\"http:\/\/www.daniperezfotografia.es\/wordpress\/parejas\"><img loading=\"lazy\" decoding=\"async\" class=\"alignnone wp-image-11293 size-full\" title=\"foto de pareja al atardecer en las navas del marques en ciudad ducal\" src=\"http:\/\/www.daniperezfotografia.es\/wordpress\/wp-content\/uploads\/2016\/08\/sandra-javier-preboda-las-navas-del-marques-cuidad-ducal-1100x732.jpg\" alt=\"foto de pareja al atardecer en las navas del marques en ciudad ducal\" width=\"1100\" height=\"732\" srcset=\"https:\/\/www.daniperezfotografia.es\/wordpress\/wp-content\/uploads\/2016\/08\/sandra-javier-preboda-las-navas-del-marques-cuidad-ducal-1100x732.jpg 1100w, https:\/\/www.daniperezfotografia.es\/wordpress\/wp-content\/uploads\/2016\/08\/sandra-javier-preboda-las-navas-del-marques-cuidad-ducal-1100x732-750x499.jpg 750w, https:\/\/www.daniperezfotografia.es\/wordpress\/wp-content\/uploads\/2016\/08\/sandra-javier-preboda-las-navas-del-marques-cuidad-ducal-1100x732-768x511.jpg 768w, https:\/\/www.daniperezfotografia.es\/wordpress\/wp-content\/uploads\/2016\/08\/sandra-javier-preboda-las-navas-del-marques-cuidad-ducal-1100x732-1024x681.jpg 1024w, https:\/\/www.daniperezfotografia.es\/wordpress\/wp-content\/uploads\/2016\/08\/sandra-javier-preboda-las-navas-del-marques-cuidad-ducal-1100x732-700x466.jpg 700w\" sizes=\"auto, (max-width: 1100px) 100vw, 1100px\" \/><\/a><\/p>\n<h3 style=\"text-align: center;\"><a href=\"http:\/\/www.daniperezfotografia.es\/wordpress\/parejas\">SESIONES DE PAREJAS<\/a><\/h3>\n<p>&nbsp;<\/p>\n<\/div><\/div>\n<div class=\"su-column su-column-size-1-2\"><div class=\"su-column-inner su-u-clearfix su-u-trim\">\n<p><a href=\"http:\/\/www.daniperezfotografia.es\/wordpress\/familias-infantil\"><img loading=\"lazy\" decoding=\"async\" class=\"alignnone wp-image-11352 size-full\" title=\"fotos de familia padres e hijos riendo en la quinta de los molinos\" src=\"http:\/\/www.daniperezfotografia.es\/wordpress\/wp-content\/uploads\/2016\/11\/jacobo-mayte-sesion-familia-quinta-los-molinos-1100x743.jpg\" alt=\"fotos de familia padres e hijos riendo en la quinta de los molinos\" width=\"1100\" height=\"733\" srcset=\"https:\/\/www.daniperezfotografia.es\/wordpress\/wp-content\/uploads\/2016\/11\/jacobo-mayte-sesion-familia-quinta-los-molinos-1100x743.jpg 1100w, https:\/\/www.daniperezfotografia.es\/wordpress\/wp-content\/uploads\/2016\/11\/jacobo-mayte-sesion-familia-quinta-los-molinos-1100x743-750x500.jpg 750w, https:\/\/www.daniperezfotografia.es\/wordpress\/wp-content\/uploads\/2016\/11\/jacobo-mayte-sesion-familia-quinta-los-molinos-1100x743-768x512.jpg 768w, https:\/\/www.daniperezfotografia.es\/wordpress\/wp-content\/uploads\/2016\/11\/jacobo-mayte-sesion-familia-quinta-los-molinos-1100x743-1024x682.jpg 1024w, https:\/\/www.daniperezfotografia.es\/wordpress\/wp-content\/uploads\/2016\/11\/jacobo-mayte-sesion-familia-quinta-los-molinos-1100x743-700x466.jpg 700w\" sizes=\"auto, (max-width: 1100px) 100vw, 1100px\" \/><\/a><\/p>\n<h3 style=\"text-align: center;\"><a href=\"http:\/\/www.daniperezfotografia.es\/wordpress\/familias-infantil\">FOTOS DE FAMILIAS<\/a><\/h3>\n<p>&nbsp;<\/p>\n<p style=\"text-align: left;\"><\/div><\/div>\n<\/div>\n<p style=\"text-align: center;\"><a href=\"http:\/\/www.daniperezfotografia.es\/wordpress\/albumes-fotos\"><img loading=\"lazy\" decoding=\"async\" class=\"alignnone wp-image-12522 size-full\" title=\"foto de album de boda en la quinta del jarama\" src=\"http:\/\/www.daniperezfotografia.es\/wordpress\/wp-content\/uploads\/2018\/12\/20181221-album-impreso-boda-nuria-javier-LQ-017.jpg\" alt=\"foto de album de boda en la quinta del jarama\" width=\"1100\" height=\"522\" srcset=\"https:\/\/www.daniperezfotografia.es\/wordpress\/wp-content\/uploads\/2018\/12\/20181221-album-impreso-boda-nuria-javier-LQ-017.jpg 1100w, https:\/\/www.daniperezfotografia.es\/wordpress\/wp-content\/uploads\/2018\/12\/20181221-album-impreso-boda-nuria-javier-LQ-017-750x356.jpg 750w, https:\/\/www.daniperezfotografia.es\/wordpress\/wp-content\/uploads\/2018\/12\/20181221-album-impreso-boda-nuria-javier-LQ-017-768x364.jpg 768w, https:\/\/www.daniperezfotografia.es\/wordpress\/wp-content\/uploads\/2018\/12\/20181221-album-impreso-boda-nuria-javier-LQ-017-1024x486.jpg 1024w, https:\/\/www.daniperezfotografia.es\/wordpress\/wp-content\/uploads\/2018\/12\/20181221-album-impreso-boda-nuria-javier-LQ-017-700x332.jpg 700w\" sizes=\"auto, (max-width: 1100px) 100vw, 1100px\" \/><\/a><\/p>\n<h3 style=\"text-align: center;\"><a href=\"http:\/\/www.daniperezfotografia.es\/wordpress\/albumes-fotos\">EL ALBUM DE FOTOS PARA TUS RECUERDOS<\/a><\/h3>\n","protected":false},"excerpt":{"rendered":"<p>Lo sentimos, pero no hemos encontrado la p\u00e1gina solicitada. Si deseas hacernos una consulta, por favor, escr\u00edbenos a trav\u00e9s de nuestro formulario de contacto &nbsp; Encuentra lo que buscabas &nbsp; \u00bfBuscabas alguno de estos servicios de fotograf\u00eda? &nbsp; EL ALBUM DE FOTOS PARA TUS RECUERDOS<\/p>\n","protected":false},"author":3,"featured_media":0,"parent":0,"menu_order":0,"comment_status":"closed","ping_status":"closed","template":"","meta":{"footnotes":""},"class_list":["post-13936","page","type-page","status-publish","hentry"],"blocksy_meta":{"styles_descriptor":{"styles":{"desktop":"","tablet":"","mobile":""},"google_fonts":[],"version":6}},"yoast_head":"<!-- This site is optimized with the Yoast SEO plugin v27.4 - https:\/\/yoast.com\/product\/yoast-seo-wordpress\/ -->\n<title>ERROR 404 - P\u00e1gina no encontrada<\/title>\n<meta name=\"description\" content=\"Lo sentimos, pero no hemos encontrado la p\u00e1gina solicitada. Si deseas hacernos una consulta, por favor, escr\u00edbenos a trav\u00e9s de nuestro formulario de\" \/>\n<meta name=\"robots\" content=\"noindex, nofollow\" \/>\n<meta property=\"og:locale\" content=\"es_ES\" \/>\n<meta property=\"og:type\" content=\"article\" \/>\n<meta property=\"og:title\" content=\"ERROR 404 - P\u00e1gina no encontrada\" \/>\n<meta property=\"og:description\" content=\"Lo sentimos, pero no hemos encontrado la p\u00e1gina solicitada. Si deseas hacernos una consulta, por favor, escr\u00edbenos a trav\u00e9s de nuestro formulario de\" \/>\n<meta property=\"og:url\" content=\"https:\/\/www.daniperezfotografia.es\/wordpress\/pagina-no-encontrada\" \/>\n<meta property=\"og:site_name\" content=\"Dani Perez Fotografia | Fotografo Profesional en Madrid\" \/>\n<meta property=\"article:publisher\" content=\"https:\/\/www.facebook.com\/daniperezfotografia\" \/>\n<meta property=\"article:modified_time\" content=\"2020-06-02T23:32:00+00:00\" \/>\n<meta property=\"og:image\" content=\"http:\/\/www.daniperezfotografia.es\/wordpress\/wp-content\/uploads\/2017\/03\/fotografo-de-boda-finca-cortijo-el-gallinero-25.jpg\" \/>\n<meta name=\"twitter:card\" content=\"summary_large_image\" \/>\n<meta name=\"twitter:site\" content=\"@daniperezfoto\" \/>\n<meta name=\"twitter:label1\" content=\"Tiempo de lectura\" \/>\n\t<meta name=\"twitter:data1\" content=\"1 minuto\" \/>\n<script type=\"application\/ld+json\" class=\"yoast-schema-graph\">{\"@context\":\"https:\\\/\\\/schema.org\",\"@graph\":[{\"@type\":\"WebPage\",\"@id\":\"https:\\\/\\\/www.daniperezfotografia.es\\\/wordpress\\\/pagina-no-encontrada\",\"url\":\"https:\\\/\\\/www.daniperezfotografia.es\\\/wordpress\\\/pagina-no-encontrada\",\"name\":\"ERROR 404 - P\u00e1gina no encontrada\",\"isPartOf\":{\"@id\":\"https:\\\/\\\/www.daniperezfotografia.es\\\/wordpress\\\/#website\"},\"primaryImageOfPage\":{\"@id\":\"https:\\\/\\\/www.daniperezfotografia.es\\\/wordpress\\\/pagina-no-encontrada#primaryimage\"},\"image\":{\"@id\":\"https:\\\/\\\/www.daniperezfotografia.es\\\/wordpress\\\/pagina-no-encontrada#primaryimage\"},\"thumbnailUrl\":\"http:\\\/\\\/www.daniperezfotografia.es\\\/wordpress\\\/wp-content\\\/uploads\\\/2017\\\/03\\\/fotografo-de-boda-finca-cortijo-el-gallinero-25.jpg\",\"datePublished\":\"2020-06-02T22:53:08+00:00\",\"dateModified\":\"2020-06-02T23:32:00+00:00\",\"description\":\"Lo sentimos, pero no hemos encontrado la p\u00e1gina solicitada. Si deseas hacernos una consulta, por favor, escr\u00edbenos a trav\u00e9s de nuestro formulario de\",\"breadcrumb\":{\"@id\":\"https:\\\/\\\/www.daniperezfotografia.es\\\/wordpress\\\/pagina-no-encontrada#breadcrumb\"},\"inLanguage\":\"es\",\"potentialAction\":[{\"@type\":\"ReadAction\",\"target\":[\"https:\\\/\\\/www.daniperezfotografia.es\\\/wordpress\\\/pagina-no-encontrada\"]}]},{\"@type\":\"ImageObject\",\"inLanguage\":\"es\",\"@id\":\"https:\\\/\\\/www.daniperezfotografia.es\\\/wordpress\\\/pagina-no-encontrada#primaryimage\",\"url\":\"http:\\\/\\\/www.daniperezfotografia.es\\\/wordpress\\\/wp-content\\\/uploads\\\/2017\\\/03\\\/fotografo-de-boda-finca-cortijo-el-gallinero-25.jpg\",\"contentUrl\":\"http:\\\/\\\/www.daniperezfotografia.es\\\/wordpress\\\/wp-content\\\/uploads\\\/2017\\\/03\\\/fotografo-de-boda-finca-cortijo-el-gallinero-25.jpg\"},{\"@type\":\"BreadcrumbList\",\"@id\":\"https:\\\/\\\/www.daniperezfotografia.es\\\/wordpress\\\/pagina-no-encontrada#breadcrumb\",\"itemListElement\":[{\"@type\":\"ListItem\",\"position\":1,\"name\":\"Portada\",\"item\":\"https:\\\/\\\/www.daniperezfotografia.es\\\/wordpress\\\/\"},{\"@type\":\"ListItem\",\"position\":2,\"name\":\"ERROR 404 &#8211; P\u00e1gina no encontrada\"}]},{\"@type\":\"WebSite\",\"@id\":\"https:\\\/\\\/www.daniperezfotografia.es\\\/wordpress\\\/#website\",\"url\":\"https:\\\/\\\/www.daniperezfotografia.es\\\/wordpress\\\/\",\"name\":\"Dani Perez Fotografia | Fotografo Profesional en Madrid\",\"description\":\"Reportajes de bodas, bautizos, comuniones y sesiones de familia para particulares. Eventos, conferencias y retrato corporativo para empresas. Video de conferencias\",\"publisher\":{\"@id\":\"https:\\\/\\\/www.daniperezfotografia.es\\\/wordpress\\\/#organization\"},\"potentialAction\":[{\"@type\":\"SearchAction\",\"target\":{\"@type\":\"EntryPoint\",\"urlTemplate\":\"https:\\\/\\\/www.daniperezfotografia.es\\\/wordpress\\\/?s={search_term_string}\"},\"query-input\":{\"@type\":\"PropertyValueSpecification\",\"valueRequired\":true,\"valueName\":\"search_term_string\"}}],\"inLanguage\":\"es\"},{\"@type\":\"Organization\",\"@id\":\"https:\\\/\\\/www.daniperezfotografia.es\\\/wordpress\\\/#organization\",\"name\":\"Dani Perez Fotografia y Video\",\"url\":\"https:\\\/\\\/www.daniperezfotografia.es\\\/wordpress\\\/\",\"logo\":{\"@type\":\"ImageObject\",\"inLanguage\":\"es\",\"@id\":\"https:\\\/\\\/www.daniperezfotografia.es\\\/wordpress\\\/#\\\/schema\\\/logo\\\/image\\\/\",\"url\":\"\",\"contentUrl\":\"\",\"caption\":\"Dani Perez Fotografia y Video\"},\"image\":{\"@id\":\"https:\\\/\\\/www.daniperezfotografia.es\\\/wordpress\\\/#\\\/schema\\\/logo\\\/image\\\/\"},\"sameAs\":[\"https:\\\/\\\/www.facebook.com\\\/daniperezfotografia\",\"https:\\\/\\\/x.com\\\/daniperezfoto\",\"https:\\\/\\\/instagram.com\\\/daniperezfotografia\\\/\",\"https:\\\/\\\/www.linkedin.com\\\/pub\\\/dani-perez-fotografo\\\/b2\\\/3b0\\\/594\"]}]}<\/script>\n<!-- \/ Yoast SEO plugin. -->","yoast_head_json":{"title":"ERROR 404 - P\u00e1gina no encontrada","description":"Lo sentimos, pero no hemos encontrado la p\u00e1gina solicitada. Si deseas hacernos una consulta, por favor, escr\u00edbenos a trav\u00e9s de nuestro formulario de","robots":{"index":"noindex","follow":"nofollow"},"og_locale":"es_ES","og_type":"article","og_title":"ERROR 404 - P\u00e1gina no encontrada","og_description":"Lo sentimos, pero no hemos encontrado la p\u00e1gina solicitada. Si deseas hacernos una consulta, por favor, escr\u00edbenos a trav\u00e9s de nuestro formulario de","og_url":"https:\/\/www.daniperezfotografia.es\/wordpress\/pagina-no-encontrada","og_site_name":"Dani Perez Fotografia | Fotografo Profesional en Madrid","article_publisher":"https:\/\/www.facebook.com\/daniperezfotografia","article_modified_time":"2020-06-02T23:32:00+00:00","og_image":[{"url":"http:\/\/www.daniperezfotografia.es\/wordpress\/wp-content\/uploads\/2017\/03\/fotografo-de-boda-finca-cortijo-el-gallinero-25.jpg","type":"","width":"","height":""}],"twitter_card":"summary_large_image","twitter_site":"@daniperezfoto","twitter_misc":{"Tiempo de lectura":"1 minuto"},"schema":{"@context":"https:\/\/schema.org","@graph":[{"@type":"WebPage","@id":"https:\/\/www.daniperezfotografia.es\/wordpress\/pagina-no-encontrada","url":"https:\/\/www.daniperezfotografia.es\/wordpress\/pagina-no-encontrada","name":"ERROR 404 - P\u00e1gina no encontrada","isPartOf":{"@id":"https:\/\/www.daniperezfotografia.es\/wordpress\/#website"},"primaryImageOfPage":{"@id":"https:\/\/www.daniperezfotografia.es\/wordpress\/pagina-no-encontrada#primaryimage"},"image":{"@id":"https:\/\/www.daniperezfotografia.es\/wordpress\/pagina-no-encontrada#primaryimage"},"thumbnailUrl":"http:\/\/www.daniperezfotografia.es\/wordpress\/wp-content\/uploads\/2017\/03\/fotografo-de-boda-finca-cortijo-el-gallinero-25.jpg","datePublished":"2020-06-02T22:53:08+00:00","dateModified":"2020-06-02T23:32:00+00:00","description":"Lo sentimos, pero no hemos encontrado la p\u00e1gina solicitada. Si deseas hacernos una consulta, por favor, escr\u00edbenos a trav\u00e9s de nuestro formulario de","breadcrumb":{"@id":"https:\/\/www.daniperezfotografia.es\/wordpress\/pagina-no-encontrada#breadcrumb"},"inLanguage":"es","potentialAction":[{"@type":"ReadAction","target":["https:\/\/www.daniperezfotografia.es\/wordpress\/pagina-no-encontrada"]}]},{"@type":"ImageObject","inLanguage":"es","@id":"https:\/\/www.daniperezfotografia.es\/wordpress\/pagina-no-encontrada#primaryimage","url":"http:\/\/www.daniperezfotografia.es\/wordpress\/wp-content\/uploads\/2017\/03\/fotografo-de-boda-finca-cortijo-el-gallinero-25.jpg","contentUrl":"http:\/\/www.daniperezfotografia.es\/wordpress\/wp-content\/uploads\/2017\/03\/fotografo-de-boda-finca-cortijo-el-gallinero-25.jpg"},{"@type":"BreadcrumbList","@id":"https:\/\/www.daniperezfotografia.es\/wordpress\/pagina-no-encontrada#breadcrumb","itemListElement":[{"@type":"ListItem","position":1,"name":"Portada","item":"https:\/\/www.daniperezfotografia.es\/wordpress\/"},{"@type":"ListItem","position":2,"name":"ERROR 404 &#8211; P\u00e1gina no encontrada"}]},{"@type":"WebSite","@id":"https:\/\/www.daniperezfotografia.es\/wordpress\/#website","url":"https:\/\/www.daniperezfotografia.es\/wordpress\/","name":"Dani Perez Fotografia | Fotografo Profesional en Madrid","description":"Reportajes de bodas, bautizos, comuniones y sesiones de familia para particulares. Eventos, conferencias y retrato corporativo para empresas. Video de conferencias","publisher":{"@id":"https:\/\/www.daniperezfotografia.es\/wordpress\/#organization"},"potentialAction":[{"@type":"SearchAction","target":{"@type":"EntryPoint","urlTemplate":"https:\/\/www.daniperezfotografia.es\/wordpress\/?s={search_term_string}"},"query-input":{"@type":"PropertyValueSpecification","valueRequired":true,"valueName":"search_term_string"}}],"inLanguage":"es"},{"@type":"Organization","@id":"https:\/\/www.daniperezfotografia.es\/wordpress\/#organization","name":"Dani Perez Fotografia y Video","url":"https:\/\/www.daniperezfotografia.es\/wordpress\/","logo":{"@type":"ImageObject","inLanguage":"es","@id":"https:\/\/www.daniperezfotografia.es\/wordpress\/#\/schema\/logo\/image\/","url":"","contentUrl":"","caption":"Dani Perez Fotografia y Video"},"image":{"@id":"https:\/\/www.daniperezfotografia.es\/wordpress\/#\/schema\/logo\/image\/"},"sameAs":["https:\/\/www.facebook.com\/daniperezfotografia","https:\/\/x.com\/daniperezfoto","https:\/\/instagram.com\/daniperezfotografia\/","https:\/\/www.linkedin.com\/pub\/dani-perez-fotografo\/b2\/3b0\/594"]}]}},"_links":{"self":[{"href":"https:\/\/www.daniperezfotografia.es\/wordpress\/wp-json\/wp\/v2\/pages\/13936","targetHints":{"allow":["GET"]}}],"collection":[{"href":"https:\/\/www.daniperezfotografia.es\/wordpress\/wp-json\/wp\/v2\/pages"}],"about":[{"href":"https:\/\/www.daniperezfotografia.es\/wordpress\/wp-json\/wp\/v2\/types\/page"}],"author":[{"embeddable":true,"href":"https:\/\/www.daniperezfotografia.es\/wordpress\/wp-json\/wp\/v2\/users\/3"}],"replies":[{"embeddable":true,"href":"https:\/\/www.daniperezfotografia.es\/wordpress\/wp-json\/wp\/v2\/comments?post=13936"}],"version-history":[{"count":3,"href":"https:\/\/www.daniperezfotografia.es\/wordpress\/wp-json\/wp\/v2\/pages\/13936\/revisions"}],"predecessor-version":[{"id":13961,"href":"https:\/\/www.daniperezfotografia.es\/wordpress\/wp-json\/wp\/v2\/pages\/13936\/revisions\/13961"}],"wp:attachment":[{"href":"https:\/\/www.daniperezfotografia.es\/wordpress\/wp-json\/wp\/v2\/media?parent=13936"}],"curies":[{"name":"wp","href":"https:\/\/api.w.org\/{rel}","templated":true}]}}