{"id":12996,"date":"2020-05-18T16:20:52","date_gmt":"2020-05-18T15:20:52","guid":{"rendered":"http:\/\/www.daniperezfotografia.es\/wordpress\/?page_id=12996"},"modified":"2022-02-21T23:49:10","modified_gmt":"2022-02-21T22:49:10","slug":"fotografo-profesional-madrid","status":"publish","type":"page","link":"https:\/\/www.daniperezfotografia.es\/wordpress\/","title":{"rendered":"FOTOGRAFO PROFESIONAL EN MADRID"},"content":{"rendered":"<p style=\"text-align: center;\">Hola soy Dani, <strong>fot\u00f3grafo profesional<\/strong> en Madrid. Mi trabajo se centra en los eventos sociales, especializado en reportajes de boda, fotos de bautizo, sesiones de familia y reportaje de comuni\u00f3n. Busco crear im\u00e1genes sencillas y elegantes, cuidando la luz, la est\u00e9tica de las lineas y capturando momentos reales, que pod\u00e1is conservar en vuestro \u00e1lbum de recuerdos.<\/p>\n<p style=\"text-align: center;\"><div class=\"su-button-center\"><a href=\"http:\/\/www.daniperezfotografia.es\/wordpress\/email-telefono-fotografo-madrid\" class=\"su-button su-button-style-flat\" style=\"color:#FFFFFF;background-color:#c3b8a6;border-color:#9c9485;border-radius:0px\" target=\"_self\" rel=\"follow\"><span style=\"color:#FFFFFF;padding:0px 50px;font-size:35px;line-height:70px;border-color:#d5cec1;border-radius:0px;text-shadow:none\"> \u00bfEn que puedo ayudarte?<\/span><\/a><\/div>\n<p>&nbsp;<\/p>\n<h2 style=\"text-align: center;\">SERVICIOS DE FOTOGRAFIA EN MADRID<\/h2>\n<p style=\"text-align: center;\">Fot\u00f3grafo especializados en reportaje sociales<\/p>\n<p>&nbsp;<\/p>\n<div class=\"su-row\">\n<div class=\"su-column su-column-size-1-2\"><div class=\"su-column-inner su-u-clearfix su-u-trim\">\n<p style=\"text-align: center;\"><a href=\"http:\/\/www.daniperezfotografia.es\/wordpress\/bodas\"><img loading=\"lazy\" decoding=\"async\" class=\"alignnone wp-image-11736 size-full\" title=\"foto de boda en la finca cortijo el gallinero\" src=\"http:\/\/www.daniperezfotografia.es\/wordpress\/wp-content\/uploads\/2017\/03\/fotografo-de-boda-finca-cortijo-el-gallinero-25.jpg\" alt=\"foto de boda en la finca cortijo el gallinero\" width=\"1100\" height=\"732\" srcset=\"https:\/\/www.daniperezfotografia.es\/wordpress\/wp-content\/uploads\/2017\/03\/fotografo-de-boda-finca-cortijo-el-gallinero-25.jpg 1100w, https:\/\/www.daniperezfotografia.es\/wordpress\/wp-content\/uploads\/2017\/03\/fotografo-de-boda-finca-cortijo-el-gallinero-25-750x499.jpg 750w, https:\/\/www.daniperezfotografia.es\/wordpress\/wp-content\/uploads\/2017\/03\/fotografo-de-boda-finca-cortijo-el-gallinero-25-768x511.jpg 768w, https:\/\/www.daniperezfotografia.es\/wordpress\/wp-content\/uploads\/2017\/03\/fotografo-de-boda-finca-cortijo-el-gallinero-25-1024x681.jpg 1024w, https:\/\/www.daniperezfotografia.es\/wordpress\/wp-content\/uploads\/2017\/03\/fotografo-de-boda-finca-cortijo-el-gallinero-25-700x466.jpg 700w\" sizes=\"auto, (max-width: 1100px) 100vw, 1100px\" \/><\/a><\/p>\n<h3 style=\"text-align: center;\"><a href=\"http:\/\/www.daniperezfotografia.es\/wordpress\/bodas\">REPORTAJES DE BODAS<\/a><\/h3>\n<p style=\"text-align: center;\">Cobertura completa del d\u00eda de vuestra boda. Los preparativos, la ceremonia, la sesi\u00f3n de pareja, el cocktail, convite, baile y las fotos de la fiesta.<\/p>\n<p style=\"text-align: center;\">Visitar nuestros <a href=\"http:\/\/www.daniperezfotografia.es\/wordpress\/bodas\">reportajes de fotos de boda<\/a>.<\/p>\n<p>&nbsp;<\/p>\n<\/div><\/div>\n<div class=\"su-column su-column-size-1-2\"><div class=\"su-column-inner su-u-clearfix su-u-trim\">\n<p><a href=\"http:\/\/www.daniperezfotografia.es\/wordpress\/fotografo-bautizo-madrid\"><img loading=\"lazy\" decoding=\"async\" class=\"alignnone wp-image-13841 size-full\" title=\"foto de familia de bautizo con Carlos Baute y Astrid Klisans\" src=\"http:\/\/www.daniperezfotografia.es\/wordpress\/wp-content\/uploads\/2020\/05\/foto-bautizo-hijos-famosos-carlos-baute-astrid-klisans.jpg\" alt=\"foto de familia de bautizo con Carlos Baute y Astrid Klisans\" width=\"1100\" height=\"732\" srcset=\"https:\/\/www.daniperezfotografia.es\/wordpress\/wp-content\/uploads\/2020\/05\/foto-bautizo-hijos-famosos-carlos-baute-astrid-klisans.jpg 1100w, https:\/\/www.daniperezfotografia.es\/wordpress\/wp-content\/uploads\/2020\/05\/foto-bautizo-hijos-famosos-carlos-baute-astrid-klisans-750x499.jpg 750w, https:\/\/www.daniperezfotografia.es\/wordpress\/wp-content\/uploads\/2020\/05\/foto-bautizo-hijos-famosos-carlos-baute-astrid-klisans-1024x681.jpg 1024w, https:\/\/www.daniperezfotografia.es\/wordpress\/wp-content\/uploads\/2020\/05\/foto-bautizo-hijos-famosos-carlos-baute-astrid-klisans-768x511.jpg 768w\" sizes=\"auto, (max-width: 1100px) 100vw, 1100px\" \/><\/a><\/p>\n<h3 style=\"text-align: center;\"><a href=\"http:\/\/www.daniperezfotografia.es\/wordpress\/fotografo-bautizo-madrid\">REPORTAJES DE FOTOS DE BAUTIZO<\/a><\/h3>\n<p style=\"text-align: center;\">Sesiones de fotos para hacer invitaciones y recordatorios, los preparativos en casa, la ceremonia, fotos con vuestros invitados y el convite.<\/p>\n<p style=\"text-align: center;\">Visita nuestros <a href=\"http:\/\/www.daniperezfotografia.es\/wordpress\/fotografo-bautizo-madrid\">reportajes de fotos de bautizos<\/a><\/p>\n<p>&nbsp;<\/p>\n<\/div><\/div>\n<\/div>\n<div class=\"su-row\">\n<div class=\"su-column su-column-size-1-2\"><div class=\"su-column-inner su-u-clearfix su-u-trim\">\n<p><a href=\"http:\/\/www.daniperezfotografia.es\/wordpress\/parejas\"><img loading=\"lazy\" decoding=\"async\" class=\"alignnone wp-image-11293 size-full\" title=\"foto de sesion de pareja al atardecer en las navas del marques en ciudad ducal\" src=\"http:\/\/www.daniperezfotografia.es\/wordpress\/wp-content\/uploads\/2016\/08\/sandra-javier-preboda-las-navas-del-marques-cuidad-ducal-1100x732.jpg\" alt=\"foto de sesion de pareja al atardecer en las navas del marques en ciudad ducal\" width=\"1100\" height=\"732\" srcset=\"https:\/\/www.daniperezfotografia.es\/wordpress\/wp-content\/uploads\/2016\/08\/sandra-javier-preboda-las-navas-del-marques-cuidad-ducal-1100x732.jpg 1100w, https:\/\/www.daniperezfotografia.es\/wordpress\/wp-content\/uploads\/2016\/08\/sandra-javier-preboda-las-navas-del-marques-cuidad-ducal-1100x732-750x499.jpg 750w, https:\/\/www.daniperezfotografia.es\/wordpress\/wp-content\/uploads\/2016\/08\/sandra-javier-preboda-las-navas-del-marques-cuidad-ducal-1100x732-768x511.jpg 768w, https:\/\/www.daniperezfotografia.es\/wordpress\/wp-content\/uploads\/2016\/08\/sandra-javier-preboda-las-navas-del-marques-cuidad-ducal-1100x732-1024x681.jpg 1024w, https:\/\/www.daniperezfotografia.es\/wordpress\/wp-content\/uploads\/2016\/08\/sandra-javier-preboda-las-navas-del-marques-cuidad-ducal-1100x732-700x466.jpg 700w\" sizes=\"auto, (max-width: 1100px) 100vw, 1100px\" \/><\/a><\/p>\n<h3 style=\"text-align: center;\"><a href=\"http:\/\/www.daniperezfotografia.es\/wordpress\/parejas\">SESIONES DE PAREJAS<\/a><\/h3>\n<p style=\"text-align: center;\">La mejor oportunidad para disfrutar una tarde rom\u00e1ntica y divertida,\u00a0 con una sesi\u00f3n de preboda o s\u00f3lo para poder conservar este momento especial de vuestra vida.<\/p>\n<p style=\"text-align: center;\">Visita nuestras <a href=\"http:\/\/www.daniperezfotografia.es\/wordpress\/parejas\">Sesiones de fotos de parejas<\/a>.<\/p>\n<p>&nbsp;<\/p>\n<\/div><\/div>\n<div class=\"su-column su-column-size-1-2\"><div class=\"su-column-inner su-u-clearfix su-u-trim\">\n<p><a href=\"http:\/\/www.daniperezfotografia.es\/wordpress\/familias-infantil\"><img loading=\"lazy\" decoding=\"async\" class=\"alignnone wp-image-11352 size-full\" title=\"fotos de familia padres e hijos riendo en la quinta de los molinos\" src=\"http:\/\/www.daniperezfotografia.es\/wordpress\/wp-content\/uploads\/2016\/11\/jacobo-mayte-sesion-familia-quinta-los-molinos-1100x743.jpg\" alt=\"fotos de familia padres e hijos riendo en la quinta de los molinos\" width=\"1100\" height=\"733\" srcset=\"https:\/\/www.daniperezfotografia.es\/wordpress\/wp-content\/uploads\/2016\/11\/jacobo-mayte-sesion-familia-quinta-los-molinos-1100x743.jpg 1100w, https:\/\/www.daniperezfotografia.es\/wordpress\/wp-content\/uploads\/2016\/11\/jacobo-mayte-sesion-familia-quinta-los-molinos-1100x743-750x500.jpg 750w, https:\/\/www.daniperezfotografia.es\/wordpress\/wp-content\/uploads\/2016\/11\/jacobo-mayte-sesion-familia-quinta-los-molinos-1100x743-768x512.jpg 768w, https:\/\/www.daniperezfotografia.es\/wordpress\/wp-content\/uploads\/2016\/11\/jacobo-mayte-sesion-familia-quinta-los-molinos-1100x743-1024x682.jpg 1024w, https:\/\/www.daniperezfotografia.es\/wordpress\/wp-content\/uploads\/2016\/11\/jacobo-mayte-sesion-familia-quinta-los-molinos-1100x743-700x466.jpg 700w\" sizes=\"auto, (max-width: 1100px) 100vw, 1100px\" \/><\/a><\/p>\n<h3 style=\"text-align: center;\"><a href=\"http:\/\/www.daniperezfotografia.es\/wordpress\/familias-infantil\">FOTOS DE FAMILIAS<\/a><\/h3>\n<p style=\"text-align: center;\">Que mejor forma de conservar el recuerdo de tus peque\u00f1os, que disfrutar con ellos, tu pareja y vuestras mascotas de una divertida tarde de risas y juegos.<\/p>\n<p style=\"text-align: center;\">Visita nuestras <a href=\"http:\/\/www.daniperezfotografia.es\/wordpress\/familias-infantil\">Sesiones de fotos de familias<\/a>.<\/p>\n<p style=\"text-align: left;\"><\/div><\/div>\n<\/div>\n<p style=\"text-align: center;\"><a href=\"http:\/\/www.daniperezfotografia.es\/wordpress\/albumes-fotos\"><img loading=\"lazy\" decoding=\"async\" class=\"alignnone wp-image-12522 size-full\" title=\"pliego de un album de fotos boda en la quinta del jarama\" src=\"http:\/\/www.daniperezfotografia.es\/wordpress\/wp-content\/uploads\/2018\/12\/20181221-album-impreso-boda-nuria-javier-LQ-017.jpg\" alt=\"pliego de un album de fotos boda en la quinta del jarama\" width=\"1100\" height=\"522\" srcset=\"https:\/\/www.daniperezfotografia.es\/wordpress\/wp-content\/uploads\/2018\/12\/20181221-album-impreso-boda-nuria-javier-LQ-017.jpg 1100w, https:\/\/www.daniperezfotografia.es\/wordpress\/wp-content\/uploads\/2018\/12\/20181221-album-impreso-boda-nuria-javier-LQ-017-750x356.jpg 750w, https:\/\/www.daniperezfotografia.es\/wordpress\/wp-content\/uploads\/2018\/12\/20181221-album-impreso-boda-nuria-javier-LQ-017-768x364.jpg 768w, https:\/\/www.daniperezfotografia.es\/wordpress\/wp-content\/uploads\/2018\/12\/20181221-album-impreso-boda-nuria-javier-LQ-017-1024x486.jpg 1024w, https:\/\/www.daniperezfotografia.es\/wordpress\/wp-content\/uploads\/2018\/12\/20181221-album-impreso-boda-nuria-javier-LQ-017-700x332.jpg 700w\" sizes=\"auto, (max-width: 1100px) 100vw, 1100px\" \/><\/a><\/p>\n<h3 style=\"text-align: center;\"><a href=\"http:\/\/www.daniperezfotografia.es\/wordpress\/albumes-fotos\">EL ALBUM DE FOTOS PARA TUS RECUERDOS<\/a><\/h3>\n<p style=\"text-align: center;\">Siempre recomendamos a nuestros clientes, elegir sus fotos favoritas del reportaje de su boda, el bautizo de su bebe, de su sesi\u00f3n de familia o las fotos de pareja, y conservar estos momentos como im\u00e1genes impresas en un \u00e1lbum.<\/p>\n<p style=\"text-align: center;\">Visita los <a href=\"http:\/\/www.daniperezfotografia.es\/wordpress\/albumes-fotos\">\u00e1lbumes de fotos<\/a> de nuestros clientes.<\/p>\n","protected":false},"excerpt":{"rendered":"<p>&#8211; \u00a1No me gusta que me hagan fotos! \u00a1No me gusta posar delante de la c\u00e1mara! \u00a1Quiero fotos naturales y espont\u00e1neas! &#8211; \u00bfHas dicho esto alguna vez? Entiendo perfectamente el estilo que estas buscando. En mis fotos busco im\u00e1genes naturales, que vosotros disfrut\u00e9is del evento sin preocuparos del fot\u00f3grafo. Despu\u00e9s cuando ve\u00e1is vuestras fotos, el resultado os sorprender\u00e1.<\/p>\n","protected":false},"author":3,"featured_media":0,"parent":0,"menu_order":0,"comment_status":"closed","ping_status":"closed","template":"","meta":{"footnotes":""},"class_list":["post-12996","page","type-page","status-publish","hentry"],"blocksy_meta":{"styles_descriptor":{"styles":{"desktop":"","tablet":"","mobile":""},"google_fonts":[],"version":6}},"yoast_head":"<!-- This site is optimized with the Yoast SEO plugin v27.4 - https:\/\/yoast.com\/product\/yoast-seo-wordpress\/ -->\n<title>FOTOGRAFO PROFESIONAL EN MADRID<\/title>\n<meta name=\"description\" content=\"- \u00a1No me gusta que me hagan fotos! \u00a1No me gusta posar delante de la c\u00e1mara! \u00a1Quiero fotos naturales y espont\u00e1neas! - \u00bfHas dicho esto alguna vez? Entiendo perfectamente el estilo que estas buscando. En mis fotos busco im\u00e1genes naturales, que vosotros disfrut\u00e9is del evento sin preocuparos del fot\u00f3grafo. Despu\u00e9s cuando ve\u00e1is vuestras fotos, el resultado os sorprender\u00e1.\" \/>\n<meta name=\"robots\" content=\"index, follow, max-snippet:-1, max-image-preview:large, max-video-preview:-1\" \/>\n<link rel=\"canonical\" href=\"https:\/\/www.daniperezfotografia.es\/wordpress\/\" \/>\n<meta property=\"og:locale\" content=\"es_ES\" \/>\n<meta property=\"og:type\" content=\"article\" \/>\n<meta property=\"og:title\" content=\"FOTOGRAFO PROFESIONAL EN MADRID\" \/>\n<meta property=\"og:description\" content=\"- \u00a1No me gusta que me hagan fotos! \u00a1No me gusta posar delante de la c\u00e1mara! \u00a1Quiero fotos naturales y espont\u00e1neas! - \u00bfHas dicho esto alguna vez? Entiendo perfectamente el estilo que estas buscando. En mis fotos busco im\u00e1genes naturales, que vosotros disfrut\u00e9is del evento sin preocuparos del fot\u00f3grafo. Despu\u00e9s cuando ve\u00e1is vuestras fotos, el resultado os sorprender\u00e1.\" \/>\n<meta property=\"og:url\" content=\"https:\/\/www.daniperezfotografia.es\/wordpress\/\" \/>\n<meta property=\"og:site_name\" content=\"Dani Perez Fotografia | Fotografo Profesional en Madrid\" \/>\n<meta property=\"article:publisher\" content=\"https:\/\/www.facebook.com\/daniperezfotografia\" \/>\n<meta property=\"article:modified_time\" content=\"2022-02-21T22:49:10+00:00\" \/>\n<meta property=\"og:image\" content=\"http:\/\/www.daniperezfotografia.es\/wordpress\/wp-content\/uploads\/2017\/03\/fotografo-de-boda-finca-cortijo-el-gallinero-25.jpg\" \/>\n<meta name=\"twitter:card\" content=\"summary_large_image\" \/>\n<meta name=\"twitter:site\" content=\"@daniperezfoto\" \/>\n<meta name=\"twitter:label1\" content=\"Tiempo de lectura\" \/>\n\t<meta name=\"twitter:data1\" content=\"2 minutos\" \/>\n<script type=\"application\/ld+json\" class=\"yoast-schema-graph\">{\"@context\":\"https:\\\/\\\/schema.org\",\"@graph\":[{\"@type\":\"WebPage\",\"@id\":\"https:\\\/\\\/www.daniperezfotografia.es\\\/wordpress\\\/\",\"url\":\"https:\\\/\\\/www.daniperezfotografia.es\\\/wordpress\\\/\",\"name\":\"FOTOGRAFO PROFESIONAL EN MADRID\",\"isPartOf\":{\"@id\":\"https:\\\/\\\/www.daniperezfotografia.es\\\/wordpress\\\/#website\"},\"primaryImageOfPage\":{\"@id\":\"https:\\\/\\\/www.daniperezfotografia.es\\\/wordpress\\\/#primaryimage\"},\"image\":{\"@id\":\"https:\\\/\\\/www.daniperezfotografia.es\\\/wordpress\\\/#primaryimage\"},\"thumbnailUrl\":\"http:\\\/\\\/www.daniperezfotografia.es\\\/wordpress\\\/wp-content\\\/uploads\\\/2017\\\/03\\\/fotografo-de-boda-finca-cortijo-el-gallinero-25.jpg\",\"datePublished\":\"2020-05-18T15:20:52+00:00\",\"dateModified\":\"2022-02-21T22:49:10+00:00\",\"description\":\"- \u00a1No me gusta que me hagan fotos! \u00a1No me gusta posar delante de la c\u00e1mara! \u00a1Quiero fotos naturales y espont\u00e1neas! - \u00bfHas dicho esto alguna vez? Entiendo perfectamente el estilo que estas buscando. En mis fotos busco im\u00e1genes naturales, que vosotros disfrut\u00e9is del evento sin preocuparos del fot\u00f3grafo. Despu\u00e9s cuando ve\u00e1is vuestras fotos, el resultado os sorprender\u00e1.\",\"breadcrumb\":{\"@id\":\"https:\\\/\\\/www.daniperezfotografia.es\\\/wordpress\\\/#breadcrumb\"},\"inLanguage\":\"es\",\"potentialAction\":[{\"@type\":\"ReadAction\",\"target\":[\"https:\\\/\\\/www.daniperezfotografia.es\\\/wordpress\\\/\"]}]},{\"@type\":\"ImageObject\",\"inLanguage\":\"es\",\"@id\":\"https:\\\/\\\/www.daniperezfotografia.es\\\/wordpress\\\/#primaryimage\",\"url\":\"http:\\\/\\\/www.daniperezfotografia.es\\\/wordpress\\\/wp-content\\\/uploads\\\/2017\\\/03\\\/fotografo-de-boda-finca-cortijo-el-gallinero-25.jpg\",\"contentUrl\":\"http:\\\/\\\/www.daniperezfotografia.es\\\/wordpress\\\/wp-content\\\/uploads\\\/2017\\\/03\\\/fotografo-de-boda-finca-cortijo-el-gallinero-25.jpg\"},{\"@type\":\"BreadcrumbList\",\"@id\":\"https:\\\/\\\/www.daniperezfotografia.es\\\/wordpress\\\/#breadcrumb\",\"itemListElement\":[{\"@type\":\"ListItem\",\"position\":1,\"name\":\"Portada\",\"item\":\"https:\\\/\\\/www.daniperezfotografia.es\\\/wordpress\\\/\"},{\"@type\":\"ListItem\",\"position\":2,\"name\":\"FOTOGRAFO PROFESIONAL EN MADRID\"}]},{\"@type\":\"WebSite\",\"@id\":\"https:\\\/\\\/www.daniperezfotografia.es\\\/wordpress\\\/#website\",\"url\":\"https:\\\/\\\/www.daniperezfotografia.es\\\/wordpress\\\/\",\"name\":\"Dani Perez Fotografia | Fotografo Profesional en Madrid\",\"description\":\"Reportajes de bodas, bautizos, comuniones y sesiones de familia para particulares. Eventos, conferencias y retrato corporativo para empresas. Video de conferencias\",\"publisher\":{\"@id\":\"https:\\\/\\\/www.daniperezfotografia.es\\\/wordpress\\\/#organization\"},\"potentialAction\":[{\"@type\":\"SearchAction\",\"target\":{\"@type\":\"EntryPoint\",\"urlTemplate\":\"https:\\\/\\\/www.daniperezfotografia.es\\\/wordpress\\\/?s={search_term_string}\"},\"query-input\":{\"@type\":\"PropertyValueSpecification\",\"valueRequired\":true,\"valueName\":\"search_term_string\"}}],\"inLanguage\":\"es\"},{\"@type\":\"Organization\",\"@id\":\"https:\\\/\\\/www.daniperezfotografia.es\\\/wordpress\\\/#organization\",\"name\":\"Dani Perez Fotografia y Video\",\"url\":\"https:\\\/\\\/www.daniperezfotografia.es\\\/wordpress\\\/\",\"logo\":{\"@type\":\"ImageObject\",\"inLanguage\":\"es\",\"@id\":\"https:\\\/\\\/www.daniperezfotografia.es\\\/wordpress\\\/#\\\/schema\\\/logo\\\/image\\\/\",\"url\":\"\",\"contentUrl\":\"\",\"caption\":\"Dani Perez Fotografia y Video\"},\"image\":{\"@id\":\"https:\\\/\\\/www.daniperezfotografia.es\\\/wordpress\\\/#\\\/schema\\\/logo\\\/image\\\/\"},\"sameAs\":[\"https:\\\/\\\/www.facebook.com\\\/daniperezfotografia\",\"https:\\\/\\\/x.com\\\/daniperezfoto\",\"https:\\\/\\\/instagram.com\\\/daniperezfotografia\\\/\",\"https:\\\/\\\/www.linkedin.com\\\/pub\\\/dani-perez-fotografo\\\/b2\\\/3b0\\\/594\"]}]}<\/script>\n<!-- \/ Yoast SEO plugin. -->","yoast_head_json":{"title":"FOTOGRAFO PROFESIONAL EN MADRID","description":"- \u00a1No me gusta que me hagan fotos! \u00a1No me gusta posar delante de la c\u00e1mara! \u00a1Quiero fotos naturales y espont\u00e1neas! - \u00bfHas dicho esto alguna vez? Entiendo perfectamente el estilo que estas buscando. En mis fotos busco im\u00e1genes naturales, que vosotros disfrut\u00e9is del evento sin preocuparos del fot\u00f3grafo. Despu\u00e9s cuando ve\u00e1is vuestras fotos, el resultado os sorprender\u00e1.","robots":{"index":"index","follow":"follow","max-snippet":"max-snippet:-1","max-image-preview":"max-image-preview:large","max-video-preview":"max-video-preview:-1"},"canonical":"https:\/\/www.daniperezfotografia.es\/wordpress\/","og_locale":"es_ES","og_type":"article","og_title":"FOTOGRAFO PROFESIONAL EN MADRID","og_description":"- \u00a1No me gusta que me hagan fotos! \u00a1No me gusta posar delante de la c\u00e1mara! \u00a1Quiero fotos naturales y espont\u00e1neas! - \u00bfHas dicho esto alguna vez? Entiendo perfectamente el estilo que estas buscando. En mis fotos busco im\u00e1genes naturales, que vosotros disfrut\u00e9is del evento sin preocuparos del fot\u00f3grafo. Despu\u00e9s cuando ve\u00e1is vuestras fotos, el resultado os sorprender\u00e1.","og_url":"https:\/\/www.daniperezfotografia.es\/wordpress\/","og_site_name":"Dani Perez Fotografia | Fotografo Profesional en Madrid","article_publisher":"https:\/\/www.facebook.com\/daniperezfotografia","article_modified_time":"2022-02-21T22:49:10+00:00","og_image":[{"url":"http:\/\/www.daniperezfotografia.es\/wordpress\/wp-content\/uploads\/2017\/03\/fotografo-de-boda-finca-cortijo-el-gallinero-25.jpg","type":"","width":"","height":""}],"twitter_card":"summary_large_image","twitter_site":"@daniperezfoto","twitter_misc":{"Tiempo de lectura":"2 minutos"},"schema":{"@context":"https:\/\/schema.org","@graph":[{"@type":"WebPage","@id":"https:\/\/www.daniperezfotografia.es\/wordpress\/","url":"https:\/\/www.daniperezfotografia.es\/wordpress\/","name":"FOTOGRAFO PROFESIONAL EN MADRID","isPartOf":{"@id":"https:\/\/www.daniperezfotografia.es\/wordpress\/#website"},"primaryImageOfPage":{"@id":"https:\/\/www.daniperezfotografia.es\/wordpress\/#primaryimage"},"image":{"@id":"https:\/\/www.daniperezfotografia.es\/wordpress\/#primaryimage"},"thumbnailUrl":"http:\/\/www.daniperezfotografia.es\/wordpress\/wp-content\/uploads\/2017\/03\/fotografo-de-boda-finca-cortijo-el-gallinero-25.jpg","datePublished":"2020-05-18T15:20:52+00:00","dateModified":"2022-02-21T22:49:10+00:00","description":"- \u00a1No me gusta que me hagan fotos! \u00a1No me gusta posar delante de la c\u00e1mara! \u00a1Quiero fotos naturales y espont\u00e1neas! - \u00bfHas dicho esto alguna vez? Entiendo perfectamente el estilo que estas buscando. En mis fotos busco im\u00e1genes naturales, que vosotros disfrut\u00e9is del evento sin preocuparos del fot\u00f3grafo. Despu\u00e9s cuando ve\u00e1is vuestras fotos, el resultado os sorprender\u00e1.","breadcrumb":{"@id":"https:\/\/www.daniperezfotografia.es\/wordpress\/#breadcrumb"},"inLanguage":"es","potentialAction":[{"@type":"ReadAction","target":["https:\/\/www.daniperezfotografia.es\/wordpress\/"]}]},{"@type":"ImageObject","inLanguage":"es","@id":"https:\/\/www.daniperezfotografia.es\/wordpress\/#primaryimage","url":"http:\/\/www.daniperezfotografia.es\/wordpress\/wp-content\/uploads\/2017\/03\/fotografo-de-boda-finca-cortijo-el-gallinero-25.jpg","contentUrl":"http:\/\/www.daniperezfotografia.es\/wordpress\/wp-content\/uploads\/2017\/03\/fotografo-de-boda-finca-cortijo-el-gallinero-25.jpg"},{"@type":"BreadcrumbList","@id":"https:\/\/www.daniperezfotografia.es\/wordpress\/#breadcrumb","itemListElement":[{"@type":"ListItem","position":1,"name":"Portada","item":"https:\/\/www.daniperezfotografia.es\/wordpress\/"},{"@type":"ListItem","position":2,"name":"FOTOGRAFO PROFESIONAL EN MADRID"}]},{"@type":"WebSite","@id":"https:\/\/www.daniperezfotografia.es\/wordpress\/#website","url":"https:\/\/www.daniperezfotografia.es\/wordpress\/","name":"Dani Perez Fotografia | Fotografo Profesional en Madrid","description":"Reportajes de bodas, bautizos, comuniones y sesiones de familia para particulares. Eventos, conferencias y retrato corporativo para empresas. Video de conferencias","publisher":{"@id":"https:\/\/www.daniperezfotografia.es\/wordpress\/#organization"},"potentialAction":[{"@type":"SearchAction","target":{"@type":"EntryPoint","urlTemplate":"https:\/\/www.daniperezfotografia.es\/wordpress\/?s={search_term_string}"},"query-input":{"@type":"PropertyValueSpecification","valueRequired":true,"valueName":"search_term_string"}}],"inLanguage":"es"},{"@type":"Organization","@id":"https:\/\/www.daniperezfotografia.es\/wordpress\/#organization","name":"Dani Perez Fotografia y Video","url":"https:\/\/www.daniperezfotografia.es\/wordpress\/","logo":{"@type":"ImageObject","inLanguage":"es","@id":"https:\/\/www.daniperezfotografia.es\/wordpress\/#\/schema\/logo\/image\/","url":"","contentUrl":"","caption":"Dani Perez Fotografia y Video"},"image":{"@id":"https:\/\/www.daniperezfotografia.es\/wordpress\/#\/schema\/logo\/image\/"},"sameAs":["https:\/\/www.facebook.com\/daniperezfotografia","https:\/\/x.com\/daniperezfoto","https:\/\/instagram.com\/daniperezfotografia\/","https:\/\/www.linkedin.com\/pub\/dani-perez-fotografo\/b2\/3b0\/594"]}]}},"_links":{"self":[{"href":"https:\/\/www.daniperezfotografia.es\/wordpress\/wp-json\/wp\/v2\/pages\/12996","targetHints":{"allow":["GET"]}}],"collection":[{"href":"https:\/\/www.daniperezfotografia.es\/wordpress\/wp-json\/wp\/v2\/pages"}],"about":[{"href":"https:\/\/www.daniperezfotografia.es\/wordpress\/wp-json\/wp\/v2\/types\/page"}],"author":[{"embeddable":true,"href":"https:\/\/www.daniperezfotografia.es\/wordpress\/wp-json\/wp\/v2\/users\/3"}],"replies":[{"embeddable":true,"href":"https:\/\/www.daniperezfotografia.es\/wordpress\/wp-json\/wp\/v2\/comments?post=12996"}],"version-history":[{"count":3,"href":"https:\/\/www.daniperezfotografia.es\/wordpress\/wp-json\/wp\/v2\/pages\/12996\/revisions"}],"predecessor-version":[{"id":14641,"href":"https:\/\/www.daniperezfotografia.es\/wordpress\/wp-json\/wp\/v2\/pages\/12996\/revisions\/14641"}],"wp:attachment":[{"href":"https:\/\/www.daniperezfotografia.es\/wordpress\/wp-json\/wp\/v2\/media?parent=12996"}],"curies":[{"name":"wp","href":"https:\/\/api.w.org\/{rel}","templated":true}]}}