{"id":10680,"date":"2016-05-12T23:42:37","date_gmt":"2016-05-12T22:42:37","guid":{"rendered":"http:\/\/www.daniperezfotografia.es\/wordpress\/?page_id=10680"},"modified":"2021-04-30T10:43:50","modified_gmt":"2021-04-30T09:43:50","slug":"fotografo-bautizo-madrid","status":"publish","type":"page","link":"https:\/\/www.daniperezfotografia.es\/wordpress\/fotografo-bautizo-madrid","title":{"rendered":"FOTOGRAFO DE BAUTIZOS EN MADRID"},"content":{"rendered":"<p><img loading=\"lazy\" decoding=\"async\" class=\"alignnone size-full wp-image-13841\" src=\"http:\/\/www.daniperezfotografia.es\/wordpress\/wp-content\/uploads\/2020\/05\/foto-bautizo-hijos-famosos-carlos-baute-astrid-klisans.jpg\" alt=\"foto de familia de bautizo con Carlos Baute y Astrid Klisans\" width=\"1100\" height=\"732\" srcset=\"https:\/\/www.daniperezfotografia.es\/wordpress\/wp-content\/uploads\/2020\/05\/foto-bautizo-hijos-famosos-carlos-baute-astrid-klisans.jpg 1100w, https:\/\/www.daniperezfotografia.es\/wordpress\/wp-content\/uploads\/2020\/05\/foto-bautizo-hijos-famosos-carlos-baute-astrid-klisans-750x499.jpg 750w, https:\/\/www.daniperezfotografia.es\/wordpress\/wp-content\/uploads\/2020\/05\/foto-bautizo-hijos-famosos-carlos-baute-astrid-klisans-1024x681.jpg 1024w, https:\/\/www.daniperezfotografia.es\/wordpress\/wp-content\/uploads\/2020\/05\/foto-bautizo-hijos-famosos-carlos-baute-astrid-klisans-768x511.jpg 768w\" sizes=\"auto, (max-width: 1100px) 100vw, 1100px\" \/><\/p>\n<p style=\"text-align: center;\">Hola, soy Dani,\u00a0<b>Fot\u00f3grafo de Bautizos en Madrid<\/b>.<\/p>\n<p>Es esta p\u00e1gina os mostraremos toda la informaci\u00f3n relacionada con nuestros reportajes de fotos de bautizo. Si dese\u00e1is ver reportajes de fotos completos o consultar precios, os dejamos ambos enlaces a continuaci\u00f3n.<\/p>\n<p>&nbsp;<\/p>\n<div class=\"su-row\">\n<div class=\"su-column su-column-size-1-2\"><div class=\"su-column-inner su-u-clearfix su-u-trim\">\n<img loading=\"lazy\" decoding=\"async\" class=\"alignnone wp-image-12660 size-large\" src=\"http:\/\/www.daniperezfotografia.es\/wordpress\/wp-content\/uploads\/2019\/05\/fotografo-de-bautizos-en-fuente-del-fresno-21-1024x683.jpg\" alt=\"ceremonia de bautizo en la parroquia de fuente del fresno\" width=\"640\" height=\"427\" srcset=\"https:\/\/www.daniperezfotografia.es\/wordpress\/wp-content\/uploads\/2019\/05\/fotografo-de-bautizos-en-fuente-del-fresno-21-1024x683.jpg 1024w, https:\/\/www.daniperezfotografia.es\/wordpress\/wp-content\/uploads\/2019\/05\/fotografo-de-bautizos-en-fuente-del-fresno-21-750x500.jpg 750w, https:\/\/www.daniperezfotografia.es\/wordpress\/wp-content\/uploads\/2019\/05\/fotografo-de-bautizos-en-fuente-del-fresno-21-768x512.jpg 768w, https:\/\/www.daniperezfotografia.es\/wordpress\/wp-content\/uploads\/2019\/05\/fotografo-de-bautizos-en-fuente-del-fresno-21-700x467.jpg 700w, https:\/\/www.daniperezfotografia.es\/wordpress\/wp-content\/uploads\/2019\/05\/fotografo-de-bautizos-en-fuente-del-fresno-21.jpg 1100w\" sizes=\"auto, (max-width: 640px) 100vw, 640px\" \/><\/p>\n<div class=\"su-button-center\"><a href=\"https:\/\/www.daniperezfotografia.es\/wordpress\/fotos-de-bautizo\" class=\"su-button su-button-style-flat\" style=\"color:#FFFFFF;background-color:#c3b8a6;border-color:#9c9485;border-radius:0px\" target=\"_self\" rel=\"nofollow\"><span style=\"color:#FFFFFF;padding:14px 50px;font-size:35px;line-height:53px;border-color:#d5cec1;border-radius:0px;text-shadow:none\"><i class=\"sui sui-camera\" style=\"font-size:35px;color:#FFFFFF\"><\/i> Ver fotos de bautizo<\/span><\/a><\/div><\/div><\/div>\n<div class=\"su-column su-column-size-1-2\"><div class=\"su-column-inner su-u-clearfix su-u-trim\">\n<img loading=\"lazy\" decoding=\"async\" class=\"alignnone size-medium wp-image-10263\" src=\"http:\/\/www.daniperezfotografia.es\/wordpress\/wp-content\/uploads\/2015\/12\/08-10247-post\/fotos-de-bautizo-en-san-pedro-martir-dominicos-madrid-015-750x499.jpg\" alt=\"sesion de preparativos de bebe de bautizo con mama\" width=\"750\" height=\"499\" srcset=\"https:\/\/www.daniperezfotografia.es\/wordpress\/wp-content\/uploads\/2015\/12\/08-10247-post\/fotos-de-bautizo-en-san-pedro-martir-dominicos-madrid-015-750x499.jpg 750w, https:\/\/www.daniperezfotografia.es\/wordpress\/wp-content\/uploads\/2015\/12\/08-10247-post\/fotos-de-bautizo-en-san-pedro-martir-dominicos-madrid-015.jpg 900w\" sizes=\"auto, (max-width: 750px) 100vw, 750px\" \/><\/p>\n<div class=\"su-button-center\"><a href=\"http:\/\/www.daniperezfotografia.es\/wordpress\/email-telefono-fotografo-madrid\" class=\"su-button su-button-style-flat\" style=\"color:#FFFFFF;background-color:#8e8068;border-color:#726754;border-radius:0px\" target=\"_self\" rel=\"nofollow\"><span style=\"color:#FFFFFF;padding:14px 50px;font-size:35px;line-height:53px;border-color:#b0a796;border-radius:0px;text-shadow:none\"><i class=\"sui sui-calendar\" style=\"font-size:35px;color:#FFFFFF\"><\/i> Consultar precios<\/span><\/a><\/div><\/div><\/div>\n<\/div>\n<p>&nbsp;<\/p>\n\n<h2>Informaci\u00f3n sobre reportajes de bautizo<\/h2>\n<p>\u00bfEst\u00e1is preparando el bautizo de vuestro bebe y busc\u00e1is un <strong>profesional<\/strong>, para realizar sus <strong>fotos de bautizo<\/strong>?\u00bfEres un familiar que esta buscando <strong>ideas para regalar en un bautizo<\/strong>? Tal vez, solamente tengas curiosidad por saber mas sobre como se realiza un reportaje de fotos de bautismos. En cualquiera de estos casos, perm\u00edteme presentarte una muestra de mis fotograf\u00edas de bautizos, informaci\u00f3n sobre como trabajos y enlaces a <strong>reportajes de bautizos completos<\/strong>.<\/p>\n<div class=\"su-row\">\n<div class=\"su-column su-column-size-1-3\"><div class=\"su-column-inner su-u-clearfix su-u-trim\">\n<img loading=\"lazy\" decoding=\"async\" class=\"alignnone size-medium wp-image-10830\" src=\"http:\/\/www.daniperezfotografia.es\/wordpress\/wp-content\/uploads\/2016\/07\/07-10826-post\/fotografo-de-bautizos-en-la-moraleja-ermita-nuestra-sen\u0303ora-de-la-paz-03-750x499.jpg\" alt=\"fotografo de bautizos en la moraleja\" width=\"750\" height=\"499\" srcset=\"https:\/\/www.daniperezfotografia.es\/wordpress\/wp-content\/uploads\/2016\/07\/07-10826-post\/fotografo-de-bautizos-en-la-moraleja-ermita-nuestra-sen\u0303ora-de-la-paz-03-750x499.jpg 750w, https:\/\/www.daniperezfotografia.es\/wordpress\/wp-content\/uploads\/2016\/07\/07-10826-post\/fotografo-de-bautizos-en-la-moraleja-ermita-nuestra-sen\u0303ora-de-la-paz-03-768x511.jpg 768w, https:\/\/www.daniperezfotografia.es\/wordpress\/wp-content\/uploads\/2016\/07\/07-10826-post\/fotografo-de-bautizos-en-la-moraleja-ermita-nuestra-sen\u0303ora-de-la-paz-03-273x182.jpg 273w, https:\/\/www.daniperezfotografia.es\/wordpress\/wp-content\/uploads\/2016\/07\/07-10826-post\/fotografo-de-bautizos-en-la-moraleja-ermita-nuestra-sen\u0303ora-de-la-paz-03-546x364.jpg 546w, https:\/\/www.daniperezfotografia.es\/wordpress\/wp-content\/uploads\/2016\/07\/07-10826-post\/fotografo-de-bautizos-en-la-moraleja-ermita-nuestra-sen\u0303ora-de-la-paz-03-736x490.jpg 736w, https:\/\/www.daniperezfotografia.es\/wordpress\/wp-content\/uploads\/2016\/07\/07-10826-post\/fotografo-de-bautizos-en-la-moraleja-ermita-nuestra-sen\u0303ora-de-la-paz-03.jpg 900w\" sizes=\"auto, (max-width: 750px) 100vw, 750px\" \/><br \/>\n<\/div><\/div>\n<div class=\"su-column su-column-size-1-3\"><div class=\"su-column-inner su-u-clearfix su-u-trim\">\n<img loading=\"lazy\" decoding=\"async\" class=\"alignnone size-medium wp-image-10507\" src=\"http:\/\/www.daniperezfotografia.es\/wordpress\/wp-content\/uploads\/2016\/04\/12-10491-post\/fotografo-bautizos-leganes-0016-750x499.jpg\" alt=\"fotografo de bautizos en leganes\" width=\"750\" height=\"499\" srcset=\"https:\/\/www.daniperezfotografia.es\/wordpress\/wp-content\/uploads\/2016\/04\/12-10491-post\/fotografo-bautizos-leganes-0016-750x499.jpg 750w, https:\/\/www.daniperezfotografia.es\/wordpress\/wp-content\/uploads\/2016\/04\/12-10491-post\/fotografo-bautizos-leganes-0016-768x511.jpg 768w, https:\/\/www.daniperezfotografia.es\/wordpress\/wp-content\/uploads\/2016\/04\/12-10491-post\/fotografo-bautizos-leganes-0016-300x200.jpg 300w, https:\/\/www.daniperezfotografia.es\/wordpress\/wp-content\/uploads\/2016\/04\/12-10491-post\/fotografo-bautizos-leganes-0016-600x400.jpg 600w, https:\/\/www.daniperezfotografia.es\/wordpress\/wp-content\/uploads\/2016\/04\/12-10491-post\/fotografo-bautizos-leganes-0016.jpg 900w\" sizes=\"auto, (max-width: 750px) 100vw, 750px\" \/><br \/>\n<\/div><\/div>\n<div class=\"su-column su-column-size-1-3\"><div class=\"su-column-inner su-u-clearfix su-u-trim\">\n<img loading=\"lazy\" decoding=\"async\" class=\"alignnone size-medium wp-image-12151\" src=\"http:\/\/www.daniperezfotografia.es\/wordpress\/wp-content\/uploads\/2017\/06\/fotografo-de-bautizos-en-la-parroquia-de-san-matias-01-750x500.jpg\" alt=\"\" width=\"750\" height=\"500\" srcset=\"https:\/\/www.daniperezfotografia.es\/wordpress\/wp-content\/uploads\/2017\/06\/fotografo-de-bautizos-en-la-parroquia-de-san-matias-01-750x500.jpg 750w, https:\/\/www.daniperezfotografia.es\/wordpress\/wp-content\/uploads\/2017\/06\/fotografo-de-bautizos-en-la-parroquia-de-san-matias-01-768x512.jpg 768w, https:\/\/www.daniperezfotografia.es\/wordpress\/wp-content\/uploads\/2017\/06\/fotografo-de-bautizos-en-la-parroquia-de-san-matias-01-1024x683.jpg 1024w, https:\/\/www.daniperezfotografia.es\/wordpress\/wp-content\/uploads\/2017\/06\/fotografo-de-bautizos-en-la-parroquia-de-san-matias-01-700x467.jpg 700w, https:\/\/www.daniperezfotografia.es\/wordpress\/wp-content\/uploads\/2017\/06\/fotografo-de-bautizos-en-la-parroquia-de-san-matias-01.jpg 1100w\" sizes=\"auto, (max-width: 750px) 100vw, 750px\" \/><br \/>\n<\/div><\/div>\n<\/div>\n<div class=\"su-row\">\n<div class=\"su-column su-column-size-1-3\"><div class=\"su-column-inner su-u-clearfix su-u-trim\">\n<img loading=\"lazy\" decoding=\"async\" class=\"alignnone wp-image-11229 size-medium\" src=\"http:\/\/www.daniperezfotografia.es\/wordpress\/wp-content\/uploads\/2016\/01\/bautizo-basilica-nuestra-sra-de-la-concepcion-amaia-1100x732-750x499.jpg\" alt=\"bautizo basilica de nuestra se\u00f1ora de la concepci\u00f3n\" width=\"750\" height=\"499\" srcset=\"https:\/\/www.daniperezfotografia.es\/wordpress\/wp-content\/uploads\/2016\/01\/bautizo-basilica-nuestra-sra-de-la-concepcion-amaia-1100x732-750x499.jpg 750w, https:\/\/www.daniperezfotografia.es\/wordpress\/wp-content\/uploads\/2016\/01\/bautizo-basilica-nuestra-sra-de-la-concepcion-amaia-1100x732-768x511.jpg 768w, https:\/\/www.daniperezfotografia.es\/wordpress\/wp-content\/uploads\/2016\/01\/bautizo-basilica-nuestra-sra-de-la-concepcion-amaia-1100x732-1024x681.jpg 1024w, https:\/\/www.daniperezfotografia.es\/wordpress\/wp-content\/uploads\/2016\/01\/bautizo-basilica-nuestra-sra-de-la-concepcion-amaia-1100x732-700x466.jpg 700w, https:\/\/www.daniperezfotografia.es\/wordpress\/wp-content\/uploads\/2016\/01\/bautizo-basilica-nuestra-sra-de-la-concepcion-amaia-1100x732.jpg 1100w\" sizes=\"auto, (max-width: 750px) 100vw, 750px\" \/><br \/>\n<\/div><\/div>\n<div class=\"su-column su-column-size-1-3\"><div class=\"su-column-inner su-u-clearfix su-u-trim\">\n<img loading=\"lazy\" decoding=\"async\" class=\"alignnone wp-image-12660 size-medium\" src=\"http:\/\/www.daniperezfotografia.es\/wordpress\/wp-content\/uploads\/2019\/05\/fotografo-de-bautizos-en-fuente-del-fresno-21-750x500.jpg\" alt=\"ceremonia de bautizo en la parroquia de fuente del fresno\" width=\"750\" height=\"500\" srcset=\"https:\/\/www.daniperezfotografia.es\/wordpress\/wp-content\/uploads\/2019\/05\/fotografo-de-bautizos-en-fuente-del-fresno-21-750x500.jpg 750w, https:\/\/www.daniperezfotografia.es\/wordpress\/wp-content\/uploads\/2019\/05\/fotografo-de-bautizos-en-fuente-del-fresno-21-768x512.jpg 768w, https:\/\/www.daniperezfotografia.es\/wordpress\/wp-content\/uploads\/2019\/05\/fotografo-de-bautizos-en-fuente-del-fresno-21-1024x683.jpg 1024w, https:\/\/www.daniperezfotografia.es\/wordpress\/wp-content\/uploads\/2019\/05\/fotografo-de-bautizos-en-fuente-del-fresno-21-700x467.jpg 700w, https:\/\/www.daniperezfotografia.es\/wordpress\/wp-content\/uploads\/2019\/05\/fotografo-de-bautizos-en-fuente-del-fresno-21.jpg 1100w\" sizes=\"auto, (max-width: 750px) 100vw, 750px\" \/><br \/>\n<\/div><\/div>\n<div class=\"su-column su-column-size-1-3\"><div class=\"su-column-inner su-u-clearfix su-u-trim\">\n<img loading=\"lazy\" decoding=\"async\" class=\"alignnone wp-image-9606 size-medium\" src=\"http:\/\/www.daniperezfotografia.es\/wordpress\/wp-content\/uploads\/2015\/10\/08-9598-post\/fotos-de-bautizo-en-las-tablas-fotografo-bautizos-madrid-0005-750x499.jpg\" alt=\"fotos de bautizo en las tablas\" width=\"750\" height=\"499\" srcset=\"https:\/\/www.daniperezfotografia.es\/wordpress\/wp-content\/uploads\/2015\/10\/08-9598-post\/fotos-de-bautizo-en-las-tablas-fotografo-bautizos-madrid-0005-750x499.jpg 750w, https:\/\/www.daniperezfotografia.es\/wordpress\/wp-content\/uploads\/2015\/10\/08-9598-post\/fotos-de-bautizo-en-las-tablas-fotografo-bautizos-madrid-0005.jpg 900w\" sizes=\"auto, (max-width: 750px) 100vw, 750px\" \/><br \/>\n<\/div><\/div>\n<\/div>\n<div class=\"su-row\">\n<div class=\"su-column su-column-size-1-3\"><div class=\"su-column-inner su-u-clearfix su-u-trim\">\n<img loading=\"lazy\" decoding=\"async\" class=\"alignnone wp-image-11199 size-medium\" src=\"http:\/\/www.daniperezfotografia.es\/wordpress\/wp-content\/uploads\/2015\/08\/lucia-bautizo-las-tablas-1100-750x499.jpg\" alt=\"fotografo bautizos las tablas\" width=\"750\" height=\"499\" srcset=\"https:\/\/www.daniperezfotografia.es\/wordpress\/wp-content\/uploads\/2015\/08\/lucia-bautizo-las-tablas-1100-750x499.jpg 750w, https:\/\/www.daniperezfotografia.es\/wordpress\/wp-content\/uploads\/2015\/08\/lucia-bautizo-las-tablas-1100-768x511.jpg 768w, https:\/\/www.daniperezfotografia.es\/wordpress\/wp-content\/uploads\/2015\/08\/lucia-bautizo-las-tablas-1100-1024x681.jpg 1024w, https:\/\/www.daniperezfotografia.es\/wordpress\/wp-content\/uploads\/2015\/08\/lucia-bautizo-las-tablas-1100-700x466.jpg 700w, https:\/\/www.daniperezfotografia.es\/wordpress\/wp-content\/uploads\/2015\/08\/lucia-bautizo-las-tablas-1100.jpg 1100w\" sizes=\"auto, (max-width: 750px) 100vw, 750px\" \/><br \/>\n<\/div><\/div>\n<div class=\"su-column su-column-size-1-3\"><div class=\"su-column-inner su-u-clearfix su-u-trim\">\n<img loading=\"lazy\" decoding=\"async\" class=\"alignnone wp-image-6881 size-medium\" src=\"http:\/\/www.daniperezfotografia.es\/wordpress\/wp-content\/uploads\/2013\/10\/fotos-bautizo-parroquia-santisimo-redentor-madrid-daniperezfotografia-03-750x499.jpg\" alt=\"fotos-bautizo-parroquia-santisimo-redentor-madrid-daniperezfotografia\" width=\"750\" height=\"499\" srcset=\"https:\/\/www.daniperezfotografia.es\/wordpress\/wp-content\/uploads\/2013\/10\/fotos-bautizo-parroquia-santisimo-redentor-madrid-daniperezfotografia-03-750x499.jpg 750w, https:\/\/www.daniperezfotografia.es\/wordpress\/wp-content\/uploads\/2013\/10\/fotos-bautizo-parroquia-santisimo-redentor-madrid-daniperezfotografia-03.jpg 900w\" sizes=\"auto, (max-width: 750px) 100vw, 750px\" \/><br \/>\n<\/div><\/div>\n<div class=\"su-column su-column-size-1-3\"><div class=\"su-column-inner su-u-clearfix su-u-trim\">\n<img loading=\"lazy\" decoding=\"async\" class=\"alignnone size-medium wp-image-10812\" src=\"http:\/\/www.daniperezfotografia.es\/wordpress\/wp-content\/uploads\/2016\/06\/10-10804-post\/fotografo-bautizos-torrejon-08-750x500.jpg\" alt=\"fotografo bautizos torrejon\" width=\"750\" height=\"500\" srcset=\"https:\/\/www.daniperezfotografia.es\/wordpress\/wp-content\/uploads\/2016\/06\/10-10804-post\/fotografo-bautizos-torrejon-08-750x500.jpg 750w, https:\/\/www.daniperezfotografia.es\/wordpress\/wp-content\/uploads\/2016\/06\/10-10804-post\/fotografo-bautizos-torrejon-08-768x512.jpg 768w, https:\/\/www.daniperezfotografia.es\/wordpress\/wp-content\/uploads\/2016\/06\/10-10804-post\/fotografo-bautizos-torrejon-08-273x182.jpg 273w, https:\/\/www.daniperezfotografia.es\/wordpress\/wp-content\/uploads\/2016\/06\/10-10804-post\/fotografo-bautizos-torrejon-08-546x364.jpg 546w, https:\/\/www.daniperezfotografia.es\/wordpress\/wp-content\/uploads\/2016\/06\/10-10804-post\/fotografo-bautizos-torrejon-08-736x490.jpg 736w, https:\/\/www.daniperezfotografia.es\/wordpress\/wp-content\/uploads\/2016\/06\/10-10804-post\/fotografo-bautizos-torrejon-08.jpg 900w\" sizes=\"auto, (max-width: 750px) 100vw, 750px\" \/><br \/>\n<\/div><\/div>\n<\/div>\n<p>Un reportaje de fotos de bautizo, se compone de varias partes. Pod\u00e9is elegir solo aquellas de las que os gustar\u00eda conservar un recuerdo en forma de im\u00e1genes. A continuaci\u00f3n os detallamos cada una de ellas.<\/p>\n<h2>Fotos para el recordatorio de Bautizo<\/h2>\n<p>En mucho bautizos, a los padres, les gusta entregar a sus invitados, una foto de recuerdo del bebe. Puede ser tipo postal o formato d\u00edptico. Estos dos modelos son los mas habituales. La diferencia entre elegir un modelo u otro, esta en el numero de im\u00e1genes que incluyen.<\/p>\n<p><img loading=\"lazy\" decoding=\"async\" class=\"alignnone wp-image-14093 size-full\" src=\"http:\/\/www.daniperezfotografia.es\/wordpress\/wp-content\/uploads\/2020\/06\/recordatorio-bautizo-bebe-diptico-15x15-1.jpg\" alt=\"recordatorio de bautizo de bebe formato diptico de 15x15cm\" width=\"1100\" height=\"733\" srcset=\"https:\/\/www.daniperezfotografia.es\/wordpress\/wp-content\/uploads\/2020\/06\/recordatorio-bautizo-bebe-diptico-15x15-1.jpg 1100w, https:\/\/www.daniperezfotografia.es\/wordpress\/wp-content\/uploads\/2020\/06\/recordatorio-bautizo-bebe-diptico-15x15-1-750x500.jpg 750w, https:\/\/www.daniperezfotografia.es\/wordpress\/wp-content\/uploads\/2020\/06\/recordatorio-bautizo-bebe-diptico-15x15-1-1024x682.jpg 1024w, https:\/\/www.daniperezfotografia.es\/wordpress\/wp-content\/uploads\/2020\/06\/recordatorio-bautizo-bebe-diptico-15x15-1-768x512.jpg 768w\" sizes=\"auto, (max-width: 1100px) 100vw, 1100px\" \/><\/p>\n<h3>Recordatorio de bautizo en formato postal<\/h3>\n<p>Este estilo de recordatorio, tiene un formato de 10&#215;15 cm, con una imagen en la parte frontal y un texto en la parte posterior, con los detalles del d\u00eda del bautizo. Tambi\u00e9n podemos prescindir del texto en la parte trasera e incluir una foto del bebe adicional. Hacemos la tarjeta a vuestro gusto.<\/p>\n<h3>Recordatorios de bautizo en formato d\u00edptico<\/h3>\n<p>En este caso, nos encontramos con una formato tipo postal. Sus medidas son de 15&#215;15 cm. Disponemos de 3 partes donde incluir texto e im\u00e1genes. En la portada, colocamos la imagen principal, despu\u00e9s en la zona interior, podemos colocar una o dos im\u00e1genes. Por ultimo, en la parte trasera del recordatorio, podemos incluir texto con los detalles del d\u00eda del bautizo. En ocasi\u00f3n hay familias, que prefieren no incluir texto, entonces el recordatorio de bautizo, solo contiene fotos del bebe, pudiendo crear entonces un recordatorio con hasta cuatro im\u00e1genes de la sesi\u00f3n de fotos.<\/p>\n<h3>La sesi\u00f3n de fotos para los recordatorios<\/h3>\n<p>El objetivo de la sesi\u00f3n de fotos, es conseguir de 3 a 5 buenas fotograf\u00edas de vuestro bebe, con las que dise\u00f1ar su <strong>recordatorio<\/strong>\u00a0o hacer el dise\u00f1o de las\u00a0<strong>invitaciones de bautizo<\/strong>. La sesi\u00f3n de fotos, se realizara en vuestra casa, ya que es donde mas c\u00f3modos vais a estar vosotros y el bebe.<\/p>\n<p><img loading=\"lazy\" decoding=\"async\" class=\"alignnone wp-image-12139 size-full\" src=\"http:\/\/www.daniperezfotografia.es\/wordpress\/wp-content\/uploads\/2017\/06\/sesion-fotos-recordatorio-bautizo-1100-05.jpg\" alt=\"sesion de fotos para recordatorios de bautizo\" width=\"1100\" height=\"734\" srcset=\"https:\/\/www.daniperezfotografia.es\/wordpress\/wp-content\/uploads\/2017\/06\/sesion-fotos-recordatorio-bautizo-1100-05.jpg 1100w, https:\/\/www.daniperezfotografia.es\/wordpress\/wp-content\/uploads\/2017\/06\/sesion-fotos-recordatorio-bautizo-1100-05-750x500.jpg 750w, https:\/\/www.daniperezfotografia.es\/wordpress\/wp-content\/uploads\/2017\/06\/sesion-fotos-recordatorio-bautizo-1100-05-768x512.jpg 768w, https:\/\/www.daniperezfotografia.es\/wordpress\/wp-content\/uploads\/2017\/06\/sesion-fotos-recordatorio-bautizo-1100-05-1024x683.jpg 1024w, https:\/\/www.daniperezfotografia.es\/wordpress\/wp-content\/uploads\/2017\/06\/sesion-fotos-recordatorio-bautizo-1100-05-700x467.jpg 700w\" sizes=\"auto, (max-width: 1100px) 100vw, 1100px\" \/><\/p>\n<p>La sesi\u00f3n suele durar entre\u00a0<strong>30 a 60 minutos<\/strong>. Con los bebes nunca se sabe y nunca trabajamos mirando el reloj. El objetivo es que \u00e9l tambi\u00e9n disfrute de lo que posiblemente sea su primera <strong>sesi\u00f3n de fotos de bebe<\/strong>. Ademas, debemos mantener los ritmos y horarios del bebe, y si es necesario, hacer las paradas que sean necesarias, para una toma, limpiarle en caso de que sea necesario, cambiarle la ropa o simplemente dejarle 5 minutos en vuestros brazos.<\/p>\n<div class=\"su-row\">\n<div class=\"su-column su-column-size-1-2\"><div class=\"su-column-inner su-u-clearfix su-u-trim\">\n<img loading=\"lazy\" decoding=\"async\" class=\"alignnone size-medium wp-image-12136\" src=\"http:\/\/www.daniperezfotografia.es\/wordpress\/wp-content\/uploads\/2017\/06\/sesion-fotos-recordatorio-bautizo-1100-02-750x750.jpg\" alt=\"\" width=\"750\" height=\"750\" srcset=\"https:\/\/www.daniperezfotografia.es\/wordpress\/wp-content\/uploads\/2017\/06\/sesion-fotos-recordatorio-bautizo-1100-02-750x750.jpg 750w, https:\/\/www.daniperezfotografia.es\/wordpress\/wp-content\/uploads\/2017\/06\/sesion-fotos-recordatorio-bautizo-1100-02-150x150.jpg 150w, https:\/\/www.daniperezfotografia.es\/wordpress\/wp-content\/uploads\/2017\/06\/sesion-fotos-recordatorio-bautizo-1100-02-768x768.jpg 768w, https:\/\/www.daniperezfotografia.es\/wordpress\/wp-content\/uploads\/2017\/06\/sesion-fotos-recordatorio-bautizo-1100-02-1024x1024.jpg 1024w, https:\/\/www.daniperezfotografia.es\/wordpress\/wp-content\/uploads\/2017\/06\/sesion-fotos-recordatorio-bautizo-1100-02-550x550.jpg 550w, https:\/\/www.daniperezfotografia.es\/wordpress\/wp-content\/uploads\/2017\/06\/sesion-fotos-recordatorio-bautizo-1100-02-500x500.jpg 500w, https:\/\/www.daniperezfotografia.es\/wordpress\/wp-content\/uploads\/2017\/06\/sesion-fotos-recordatorio-bautizo-1100-02-1000x1000.jpg 1000w, https:\/\/www.daniperezfotografia.es\/wordpress\/wp-content\/uploads\/2017\/06\/sesion-fotos-recordatorio-bautizo-1100-02-700x700.jpg 700w, https:\/\/www.daniperezfotografia.es\/wordpress\/wp-content\/uploads\/2017\/06\/sesion-fotos-recordatorio-bautizo-1100-02.jpg 1100w\" sizes=\"auto, (max-width: 750px) 100vw, 750px\" \/><br \/>\n<\/div><\/div>\n<div class=\"su-column su-column-size-1-2\"><div class=\"su-column-inner su-u-clearfix su-u-trim\">\n<img loading=\"lazy\" decoding=\"async\" class=\"alignnone size-medium wp-image-12137\" src=\"http:\/\/www.daniperezfotografia.es\/wordpress\/wp-content\/uploads\/2017\/06\/sesion-fotos-recordatorio-bautizo-1100-04-750x750.jpg\" alt=\"sesion de fotos para recordatorios de bautizo\" width=\"750\" height=\"750\" srcset=\"https:\/\/www.daniperezfotografia.es\/wordpress\/wp-content\/uploads\/2017\/06\/sesion-fotos-recordatorio-bautizo-1100-04-750x750.jpg 750w, https:\/\/www.daniperezfotografia.es\/wordpress\/wp-content\/uploads\/2017\/06\/sesion-fotos-recordatorio-bautizo-1100-04-150x150.jpg 150w, https:\/\/www.daniperezfotografia.es\/wordpress\/wp-content\/uploads\/2017\/06\/sesion-fotos-recordatorio-bautizo-1100-04-768x768.jpg 768w, https:\/\/www.daniperezfotografia.es\/wordpress\/wp-content\/uploads\/2017\/06\/sesion-fotos-recordatorio-bautizo-1100-04-1024x1024.jpg 1024w, https:\/\/www.daniperezfotografia.es\/wordpress\/wp-content\/uploads\/2017\/06\/sesion-fotos-recordatorio-bautizo-1100-04-550x550.jpg 550w, https:\/\/www.daniperezfotografia.es\/wordpress\/wp-content\/uploads\/2017\/06\/sesion-fotos-recordatorio-bautizo-1100-04-500x500.jpg 500w, https:\/\/www.daniperezfotografia.es\/wordpress\/wp-content\/uploads\/2017\/06\/sesion-fotos-recordatorio-bautizo-1100-04-1000x1000.jpg 1000w, https:\/\/www.daniperezfotografia.es\/wordpress\/wp-content\/uploads\/2017\/06\/sesion-fotos-recordatorio-bautizo-1100-04-700x700.jpg 700w, https:\/\/www.daniperezfotografia.es\/wordpress\/wp-content\/uploads\/2017\/06\/sesion-fotos-recordatorio-bautizo-1100-04.jpg 1100w\" sizes=\"auto, (max-width: 750px) 100vw, 750px\" \/><br \/>\n<\/div><\/div>\n<\/div>\n<p>Seg\u00fan la edad del bebe, tendremos mas o menos posibilidades a la hora de hacer fotos. Mantenerse sentado o levantar la cabeza tumbado boda abajo, nos permite hacer distintas poses, cuando son muy peque\u00f1itos, solemos fotografiarles boca arriba o en vuestros brazos. Para terminar la sesi\u00f3n, haremos tambi\u00e9n algunas <strong>fotos de familia <\/strong>de vosotros con el bebe.<\/p>\n<div class=\"su-button-center\"><a href=\"http:\/\/www.daniperezfotografia.es\/wordpress\/email-telefono-fotografo-madrid\" class=\"su-button su-button-style-flat\" style=\"color:#FFFFFF;background-color:#c3b8a6;border-color:#9c9485;border-radius:0px\" target=\"_self\" rel=\"nofollow\"><span style=\"color:#FFFFFF;padding:0px 46px;font-size:33px;line-height:66px;border-color:#d5cec1;border-radius:0px;text-shadow:none\"> SOLICITAR PRESUPUESTO<\/span><\/a><\/div>\n<h2>Fotograf\u00eda de bautizo durante la ceremonia<\/h2>\n<p>Durante este momento, el acto religioso tiene varios puntos claves, el aceite, el agua, la vela. Estos<strong> momentos clave<\/strong> ser\u00e1n captamos con todo nuestro cari\u00f1o. Pero hay mucho m\u00e1s; durante la ceremonia del bautizo, surgen <strong>momentos naturales<\/strong> de cari\u00f1o, risas y emociones, que nos encanta captar para vosotros, porque son el motivo real por el que os junt\u00e1is con amigos y familiares para compartir este d\u00eda con vuestro beb\u00e9. <strong>Fotos naturales y espont\u00e1neas<\/strong>, ser\u00e1n el complemento ideal, a los momentos representativos del bautizo.<\/p>\n<p>&nbsp;<\/p>\n<div class=\"su-row\">\n<div class=\"su-column su-column-size-1-2\"><div class=\"su-column-inner su-u-clearfix su-u-trim\">\n<img loading=\"lazy\" decoding=\"async\" class=\"alignnone wp-image-12177 size-medium\" src=\"http:\/\/www.daniperezfotografia.es\/wordpress\/wp-content\/uploads\/2017\/06\/fotografo-de-bautizos-en-la-parroquia-de-san-matias-34-750x500.jpg\" alt=\"fotografo de bautizos en hortaleza parroquia san matias\" width=\"750\" height=\"500\" srcset=\"https:\/\/www.daniperezfotografia.es\/wordpress\/wp-content\/uploads\/2017\/06\/fotografo-de-bautizos-en-la-parroquia-de-san-matias-34-750x500.jpg 750w, https:\/\/www.daniperezfotografia.es\/wordpress\/wp-content\/uploads\/2017\/06\/fotografo-de-bautizos-en-la-parroquia-de-san-matias-34-768x512.jpg 768w, https:\/\/www.daniperezfotografia.es\/wordpress\/wp-content\/uploads\/2017\/06\/fotografo-de-bautizos-en-la-parroquia-de-san-matias-34-1024x683.jpg 1024w, https:\/\/www.daniperezfotografia.es\/wordpress\/wp-content\/uploads\/2017\/06\/fotografo-de-bautizos-en-la-parroquia-de-san-matias-34-700x467.jpg 700w, https:\/\/www.daniperezfotografia.es\/wordpress\/wp-content\/uploads\/2017\/06\/fotografo-de-bautizos-en-la-parroquia-de-san-matias-34.jpg 1100w\" sizes=\"auto, (max-width: 750px) 100vw, 750px\" \/><br \/>\n<\/div><\/div>\n<div class=\"su-column su-column-size-1-2\"><div class=\"su-column-inner su-u-clearfix su-u-trim\">\n<img loading=\"lazy\" decoding=\"async\" class=\"alignnone wp-image-10856 size-medium\" src=\"http:\/\/www.daniperezfotografia.es\/wordpress\/wp-content\/uploads\/2016\/07\/07-10826-post\/fotografo-de-bautizos-en-la-moraleja-ermita-nuestra-sen\u0303ora-de-la-paz-29-750x499.jpg\" alt=\"fotografo de bautizos en la moraleja\" width=\"750\" height=\"499\" srcset=\"https:\/\/www.daniperezfotografia.es\/wordpress\/wp-content\/uploads\/2016\/07\/07-10826-post\/fotografo-de-bautizos-en-la-moraleja-ermita-nuestra-sen\u0303ora-de-la-paz-29-750x499.jpg 750w, https:\/\/www.daniperezfotografia.es\/wordpress\/wp-content\/uploads\/2016\/07\/07-10826-post\/fotografo-de-bautizos-en-la-moraleja-ermita-nuestra-sen\u0303ora-de-la-paz-29-768x511.jpg 768w, https:\/\/www.daniperezfotografia.es\/wordpress\/wp-content\/uploads\/2016\/07\/07-10826-post\/fotografo-de-bautizos-en-la-moraleja-ermita-nuestra-sen\u0303ora-de-la-paz-29.jpg 900w\" sizes=\"auto, (max-width: 750px) 100vw, 750px\" \/><br \/>\n<\/div><\/div>\n<\/div>\n<div class=\"su-row\">\n<div class=\"su-column su-column-size-1-2\"><div class=\"su-column-inner su-u-clearfix su-u-trim\">\n<img loading=\"lazy\" decoding=\"async\" class=\"alignnone wp-image-10548 size-medium\" src=\"http:\/\/www.daniperezfotografia.es\/wordpress\/wp-content\/uploads\/2016\/04\/20-10541-post\/fotografo-bautizos-madrid-cripta-la-almudena-07-750x499.jpg\" alt=\"fotografo de bautizos en la almudena\" width=\"750\" height=\"499\" srcset=\"https:\/\/www.daniperezfotografia.es\/wordpress\/wp-content\/uploads\/2016\/04\/20-10541-post\/fotografo-bautizos-madrid-cripta-la-almudena-07-750x499.jpg 750w, https:\/\/www.daniperezfotografia.es\/wordpress\/wp-content\/uploads\/2016\/04\/20-10541-post\/fotografo-bautizos-madrid-cripta-la-almudena-07-768x511.jpg 768w, https:\/\/www.daniperezfotografia.es\/wordpress\/wp-content\/uploads\/2016\/04\/20-10541-post\/fotografo-bautizos-madrid-cripta-la-almudena-07.jpg 900w\" sizes=\"auto, (max-width: 750px) 100vw, 750px\" \/><br \/>\n<\/div><\/div>\n<div class=\"su-column su-column-size-1-2\"><div class=\"su-column-inner su-u-clearfix su-u-trim\">\n<img loading=\"lazy\" decoding=\"async\" class=\"alignnone wp-image-9571 size-medium\" src=\"http:\/\/www.daniperezfotografia.es\/wordpress\/wp-content\/uploads\/2015\/10\/06-9562-post\/fotos-de-bautizo-en-boadilla-fotografo-bautizos-madrid-0015-750x499.jpg\" alt=\"fotos de bautizo en boadilla\" width=\"750\" height=\"499\" srcset=\"https:\/\/www.daniperezfotografia.es\/wordpress\/wp-content\/uploads\/2015\/10\/06-9562-post\/fotos-de-bautizo-en-boadilla-fotografo-bautizos-madrid-0015-750x499.jpg 750w, https:\/\/www.daniperezfotografia.es\/wordpress\/wp-content\/uploads\/2015\/10\/06-9562-post\/fotos-de-bautizo-en-boadilla-fotografo-bautizos-madrid-0015.jpg 900w\" sizes=\"auto, (max-width: 750px) 100vw, 750px\" \/><br \/>\n<\/div><\/div>\n<\/div>\n<h2>Fotos de grupo con familiares y amigos<\/h2>\n<p>Finalizada la ceremonia, realizaremos una <strong>sesi\u00f3n de fotos de familia<\/strong>, junto a todos vuestros invitados y familiares. Buscaremos el mejor lugar en el entorno de la iglesia o dentro de la iglesia, para que teng\u00e1is un recuerdo de todas las personas que hab\u00e9is elegido para que os acompa\u00f1en en este d\u00eda tan especial. Haremos tantas fotos como dese\u00e9is, grupos peque\u00f1os, familias completas; siempre dando un toque divertido y ameno a las im\u00e1genes, para que vuestro beb\u00e9, cuando crezca, vea el ambiente de fiesta que rodeo el d\u00eda de su bautizo. Nuestro objetivo es encontrar la mejor luz natural disponible, la que m\u00e1s os favorece. En la iglesia, <strong>solemos colocar elementos de luz artificial<\/strong>, para que vuestras fotos de bautizo, tenga el <strong>acabado profesional<\/strong> que nos gusta entregar.<\/p>\n<div class=\"su-row\">\n<div class=\"su-column su-column-size-1-2\"><div class=\"su-column-inner su-u-clearfix su-u-trim\">\n<img loading=\"lazy\" decoding=\"async\" class=\"alignnone wp-image-7591 size-medium\" src=\"http:\/\/www.daniperezfotografia.es\/wordpress\/wp-content\/uploads\/2014\/10\/fotografo-bautizo-madrid-020-750x499.jpg\" alt=\"fotografo-familia-bautizo-madrid\" width=\"750\" height=\"499\" srcset=\"https:\/\/www.daniperezfotografia.es\/wordpress\/wp-content\/uploads\/2014\/10\/fotografo-bautizo-madrid-020-750x499.jpg 750w, https:\/\/www.daniperezfotografia.es\/wordpress\/wp-content\/uploads\/2014\/10\/fotografo-bautizo-madrid-020-273x182.jpg 273w, https:\/\/www.daniperezfotografia.es\/wordpress\/wp-content\/uploads\/2014\/10\/fotografo-bautizo-madrid-020-546x364.jpg 546w, https:\/\/www.daniperezfotografia.es\/wordpress\/wp-content\/uploads\/2014\/10\/fotografo-bautizo-madrid-020-598x398.jpg 598w, https:\/\/www.daniperezfotografia.es\/wordpress\/wp-content\/uploads\/2014\/10\/fotografo-bautizo-madrid-020-200x133.jpg 200w, https:\/\/www.daniperezfotografia.es\/wordpress\/wp-content\/uploads\/2014\/10\/fotografo-bautizo-madrid-020-400x266.jpg 400w, https:\/\/www.daniperezfotografia.es\/wordpress\/wp-content\/uploads\/2014\/10\/fotografo-bautizo-madrid-020-736x490.jpg 736w, https:\/\/www.daniperezfotografia.es\/wordpress\/wp-content\/uploads\/2014\/10\/fotografo-bautizo-madrid-020-286x190.jpg 286w, https:\/\/www.daniperezfotografia.es\/wordpress\/wp-content\/uploads\/2014\/10\/fotografo-bautizo-madrid-020-572x380.jpg 572w, https:\/\/www.daniperezfotografia.es\/wordpress\/wp-content\/uploads\/2014\/10\/fotografo-bautizo-madrid-020.jpg 900w\" sizes=\"auto, (max-width: 750px) 100vw, 750px\" \/><br \/>\n<\/div><\/div>\n<div class=\"su-column su-column-size-1-2\"><div class=\"su-column-inner su-u-clearfix su-u-trim\">\n<img loading=\"lazy\" decoding=\"async\" class=\"alignnone wp-image-6901 size-medium\" src=\"http:\/\/www.daniperezfotografia.es\/wordpress\/wp-content\/uploads\/2013\/10\/fotos-bautizo-parroquia-santisimo-redentor-madrid-daniperezfotografia-24-750x500.jpg\" alt=\"fotos-bautizo-parroquia-santisimo-redentor-madrid-daniperezfotografia\" width=\"750\" height=\"500\" srcset=\"https:\/\/www.daniperezfotografia.es\/wordpress\/wp-content\/uploads\/2013\/10\/fotos-bautizo-parroquia-santisimo-redentor-madrid-daniperezfotografia-24-750x500.jpg 750w, https:\/\/www.daniperezfotografia.es\/wordpress\/wp-content\/uploads\/2013\/10\/fotos-bautizo-parroquia-santisimo-redentor-madrid-daniperezfotografia-24.jpg 900w\" sizes=\"auto, (max-width: 750px) 100vw, 750px\" \/><br \/>\n<\/div><\/div>\n<\/div>\n<div class=\"su-row\">\n<div class=\"su-column su-column-size-1-2\"><div class=\"su-column-inner su-u-clearfix su-u-trim\">\n<img loading=\"lazy\" decoding=\"async\" class=\"alignnone wp-image-5877 size-medium\" src=\"http:\/\/www.daniperezfotografia.es\/wordpress\/wp-content\/uploads\/2013\/06\/fotos-bautizo-parroquia-las-tablas-madrid-22-750x500.jpg\" alt=\"fotos-bautizo-parroquia-las-tablas-madrid-22\" width=\"750\" height=\"500\" srcset=\"https:\/\/www.daniperezfotografia.es\/wordpress\/wp-content\/uploads\/2013\/06\/fotos-bautizo-parroquia-las-tablas-madrid-22-750x500.jpg 750w, https:\/\/www.daniperezfotografia.es\/wordpress\/wp-content\/uploads\/2013\/06\/fotos-bautizo-parroquia-las-tablas-madrid-22.jpg 900w\" sizes=\"auto, (max-width: 750px) 100vw, 750px\" \/><br \/>\n<\/div><\/div>\n<div class=\"su-column su-column-size-1-2\"><div class=\"su-column-inner su-u-clearfix su-u-trim\">\n<img loading=\"lazy\" decoding=\"async\" class=\"alignnone wp-image-8993 size-medium\" src=\"http:\/\/www.daniperezfotografia.es\/wordpress\/wp-content\/uploads\/2015\/04\/30-8938-post\/fotografo-bautizo-madrid-jungla-magica-0054-750x499.jpg\" alt=\"fotografo bautizo madrid jungla magica\" width=\"750\" height=\"499\" srcset=\"https:\/\/www.daniperezfotografia.es\/wordpress\/wp-content\/uploads\/2015\/04\/30-8938-post\/fotografo-bautizo-madrid-jungla-magica-0054-750x499.jpg 750w, https:\/\/www.daniperezfotografia.es\/wordpress\/wp-content\/uploads\/2015\/04\/30-8938-post\/fotografo-bautizo-madrid-jungla-magica-0054.jpg 900w\" sizes=\"auto, (max-width: 750px) 100vw, 750px\" \/><br \/>\n<\/div><\/div>\n<\/div>\n<h2>Reportaje durante el convite<\/h2>\n<p>Si vais realizar un cocktail de pie, o a compartir un rato con vuestros invitados, antes de sentaron a comer, podemos acompa\u00f1aros y completar as\u00ed el reportaje de bautizo. Aprovecharemos para tomar im\u00e1genes del bebe con vuestros familiares. de manera natural, capturando momentos espont\u00e1neos. Tambi\u00e9n, podemos hacer una sesi\u00f3n de familia mas completa, con padres abuelos y padrinos, en el entorno que hay\u00e1is elegido para la celebraci\u00f3n. En esta parte del reportaje se trata de no perder detalle de todo lo que hab\u00e9is preparado, de modo que cuando vuestro bebe crezca, pueda ver im\u00e1genes del d\u00eda completo.<\/p>\n<div class=\"su-row\">\n<div class=\"su-column su-column-size-1-2\"><div class=\"su-column-inner su-u-clearfix su-u-trim\">\n<img loading=\"lazy\" decoding=\"async\" class=\"alignnone wp-image-5184 size-medium\" src=\"http:\/\/www.daniperezfotografia.es\/wordpress\/wp-content\/uploads\/2012\/09\/fotos-bautizo-parroquia-de-maria-virgen-de-madrid-15-750x499.jpg\" alt=\"fotos-bautizo-parroquia-de-maria-virgen-de-madrid-15\" width=\"750\" height=\"499\" srcset=\"https:\/\/www.daniperezfotografia.es\/wordpress\/wp-content\/uploads\/2012\/09\/fotos-bautizo-parroquia-de-maria-virgen-de-madrid-15-750x499.jpg 750w, https:\/\/www.daniperezfotografia.es\/wordpress\/wp-content\/uploads\/2012\/09\/fotos-bautizo-parroquia-de-maria-virgen-de-madrid-15.jpg 900w\" sizes=\"auto, (max-width: 750px) 100vw, 750px\" \/><br \/>\n<\/div><\/div>\n<div class=\"su-column su-column-size-1-2\"><div class=\"su-column-inner su-u-clearfix su-u-trim\">\n<img loading=\"lazy\" decoding=\"async\" class=\"alignnone wp-image-8987 size-medium\" src=\"http:\/\/www.daniperezfotografia.es\/wordpress\/wp-content\/uploads\/2015\/04\/30-8938-post\/fotografo-bautizo-madrid-jungla-magica-0048-750x499.jpg\" alt=\"fotografo bautizo madrid jungla magica\" width=\"750\" height=\"499\" srcset=\"https:\/\/www.daniperezfotografia.es\/wordpress\/wp-content\/uploads\/2015\/04\/30-8938-post\/fotografo-bautizo-madrid-jungla-magica-0048-750x499.jpg 750w, https:\/\/www.daniperezfotografia.es\/wordpress\/wp-content\/uploads\/2015\/04\/30-8938-post\/fotografo-bautizo-madrid-jungla-magica-0048.jpg 900w\" sizes=\"auto, (max-width: 750px) 100vw, 750px\" \/><br \/>\n<\/div><\/div>\n<\/div>\n<div class=\"su-row\">\n<div class=\"su-column su-column-size-1-2\"><div class=\"su-column-inner su-u-clearfix su-u-trim\">\n<img loading=\"lazy\" decoding=\"async\" class=\"alignnone wp-image-12185 size-medium\" src=\"http:\/\/www.daniperezfotografia.es\/wordpress\/wp-content\/uploads\/2017\/06\/fotografo-de-bautizos-en-la-parroquia-de-san-matias-43-750x500.jpg\" alt=\"\" width=\"750\" height=\"500\" srcset=\"https:\/\/www.daniperezfotografia.es\/wordpress\/wp-content\/uploads\/2017\/06\/fotografo-de-bautizos-en-la-parroquia-de-san-matias-43-750x500.jpg 750w, https:\/\/www.daniperezfotografia.es\/wordpress\/wp-content\/uploads\/2017\/06\/fotografo-de-bautizos-en-la-parroquia-de-san-matias-43-768x512.jpg 768w, https:\/\/www.daniperezfotografia.es\/wordpress\/wp-content\/uploads\/2017\/06\/fotografo-de-bautizos-en-la-parroquia-de-san-matias-43-1024x683.jpg 1024w, https:\/\/www.daniperezfotografia.es\/wordpress\/wp-content\/uploads\/2017\/06\/fotografo-de-bautizos-en-la-parroquia-de-san-matias-43-700x467.jpg 700w, https:\/\/www.daniperezfotografia.es\/wordpress\/wp-content\/uploads\/2017\/06\/fotografo-de-bautizos-en-la-parroquia-de-san-matias-43.jpg 1100w\" sizes=\"auto, (max-width: 750px) 100vw, 750px\" \/><br \/>\n<\/div><\/div>\n<div class=\"su-column su-column-size-1-2\"><div class=\"su-column-inner su-u-clearfix su-u-trim\">\n<img loading=\"lazy\" decoding=\"async\" class=\"alignnone wp-image-9580 size-medium\" src=\"http:\/\/www.daniperezfotografia.es\/wordpress\/wp-content\/uploads\/2015\/10\/06-9562-post\/fotos-de-bautizo-en-boadilla-fotografo-bautizos-madrid-0023-750x499.jpg\" alt=\"fotos de bautizo en boadilla\" width=\"750\" height=\"499\" srcset=\"https:\/\/www.daniperezfotografia.es\/wordpress\/wp-content\/uploads\/2015\/10\/06-9562-post\/fotos-de-bautizo-en-boadilla-fotografo-bautizos-madrid-0023-750x499.jpg 750w, https:\/\/www.daniperezfotografia.es\/wordpress\/wp-content\/uploads\/2015\/10\/06-9562-post\/fotos-de-bautizo-en-boadilla-fotografo-bautizos-madrid-0023.jpg 900w\" sizes=\"auto, (max-width: 750px) 100vw, 750px\" \/><br \/>\n<\/div><\/div>\n<\/div>\n<div class=\"su-button-center\"><a href=\"http:\/\/www.daniperezfotografia.es\/wordpress\/email-telefono-fotografo-madrid\" class=\"su-button su-button-style-flat\" style=\"color:#FFFFFF;background-color:#c3b8a6;border-color:#9c9485;border-radius:0px\" target=\"_self\" rel=\"nofollow\"><span style=\"color:#FFFFFF;padding:0px 46px;font-size:33px;line-height:66px;border-color:#d5cec1;border-radius:0px;text-shadow:none\"> SOLICITAR PRESUPUESTO<\/span><\/a><\/div>\n<h2>\u00bfC\u00f3mo entregamos las fotos del bautizo?<\/h2>\n<p>Recibir\u00e9is un email, con la contrase\u00f1a y direcci\u00f3n de acceso a una <strong>galer\u00eda online privada<\/strong>, gratis durante 15 d\u00edas. Esta galer\u00eda pod\u00e9is compartirla con vuestros familiares y amigos y compartir con ellos el reportaje completo. Adem\u00e1s, en el email incluiremos un<strong> enlace que os permitir\u00e1 descargar<\/strong> todas las fotos, en formato JPG de alta resoluci\u00f3n a vuestro ordenador.<\/p>\n<p><img loading=\"lazy\" decoding=\"async\" class=\"alignnone wp-image-14063 size-full\" src=\"http:\/\/www.daniperezfotografia.es\/wordpress\/wp-content\/uploads\/2020\/06\/galeria-online-reportaje-bautizo-bebe-portada.jpg\" alt=\"galeria-online-reportaje-bautizo-bebe-portada\" width=\"1100\" height=\"518\" srcset=\"https:\/\/www.daniperezfotografia.es\/wordpress\/wp-content\/uploads\/2020\/06\/galeria-online-reportaje-bautizo-bebe-portada.jpg 1100w, https:\/\/www.daniperezfotografia.es\/wordpress\/wp-content\/uploads\/2020\/06\/galeria-online-reportaje-bautizo-bebe-portada-750x353.jpg 750w, https:\/\/www.daniperezfotografia.es\/wordpress\/wp-content\/uploads\/2020\/06\/galeria-online-reportaje-bautizo-bebe-portada-1024x482.jpg 1024w, https:\/\/www.daniperezfotografia.es\/wordpress\/wp-content\/uploads\/2020\/06\/galeria-online-reportaje-bautizo-bebe-portada-768x362.jpg 768w\" sizes=\"auto, (max-width: 1100px) 100vw, 1100px\" \/><img loading=\"lazy\" decoding=\"async\" class=\"alignnone wp-image-14062 size-full\" src=\"http:\/\/www.daniperezfotografia.es\/wordpress\/wp-content\/uploads\/2020\/06\/galeria-online-reportaje-bautizo-bebe-fotos.jpg\" alt=\"galeria-online-reportaje-bautizo-bebe-fotos\" width=\"1100\" height=\"542\" srcset=\"https:\/\/www.daniperezfotografia.es\/wordpress\/wp-content\/uploads\/2020\/06\/galeria-online-reportaje-bautizo-bebe-fotos.jpg 1100w, https:\/\/www.daniperezfotografia.es\/wordpress\/wp-content\/uploads\/2020\/06\/galeria-online-reportaje-bautizo-bebe-fotos-750x370.jpg 750w, https:\/\/www.daniperezfotografia.es\/wordpress\/wp-content\/uploads\/2020\/06\/galeria-online-reportaje-bautizo-bebe-fotos-1024x505.jpg 1024w, https:\/\/www.daniperezfotografia.es\/wordpress\/wp-content\/uploads\/2020\/06\/galeria-online-reportaje-bautizo-bebe-fotos-768x378.jpg 768w\" sizes=\"auto, (max-width: 1100px) 100vw, 1100px\" \/><\/p>\n<h2>\u00bfCu\u00e1nto tiempo tardamos en enviaros las fotos?<\/h2>\n<p>Depende en gran medida de la temporada del a\u00f1o, y la carga de trabajo en la que nos encontremos. Nuestra intenci\u00f3n es tener vuestras fotos de bautizo preparadas en <strong>un m\u00e1ximo de dos semanas<\/strong>. Sabemos que est\u00e1is deseando verlas, pero nos gusta dedicarle el tiempo necesario, para que recib\u00e1is un trabajo excelente. Cada imagen recibe un tratamiento individual de color y contraste, para obtener el \u00ablook\u00bb que pod\u00e9is ver en nuestros <a href=\"http:\/\/www.daniperezfotografia.es\/wordpress\/fotos-de-bautizo\">reportajes de bautizos<\/a>.<\/p>\n<h2>El \u00c1lbum de fotos del bautizos<\/h2>\n<p>Siempre recomiendo a mis clientes, conservar sus im\u00e1genes de bautizo favoritas en un \u00e1lbum. Os ofrecemos un modelo de 30x24cm, mas o menos el tama\u00f1o de un folio. Las hojas son de papel fotogr\u00e1fico, semi r\u00edgidas y apertura completa de los pliegos. Las tapas del \u00e1lbum est\u00e1n tapizadas en tela o en el material que hay\u00e1is elegido. Incluimos tambi\u00e9n una caja a juego para proteger el \u00e1lbum. Podemos personalizar las tapas del \u00e1lbum y la caja, con el nombre de vuestro bebe y la fecha del d\u00eda de su bautizo. \u00bfQuer\u00e9is saber cual es el <a href=\"http:\/\/www.daniperezfotografia.es\/wordpress\/email-telefono-fotografo-madrid\">precio del \u00e1lbum de fotos de bautizo<\/a>?.<\/p>\n<div class=\"su-row\">\n<div class=\"su-column su-column-size-1-2\"><div class=\"su-column-inner su-u-clearfix su-u-trim\">\n<img loading=\"lazy\" decoding=\"async\" class=\"alignnone wp-image-11036 size-medium\" src=\"http:\/\/www.daniperezfotografia.es\/wordpress\/wp-content\/uploads\/2016\/12\/02-11035-post\/fotografo-de-bautizos-en-rivas-vaciamadrid-album-01-750x499.jpg\" alt=\"album bautizo rivas vaciamadrid\" width=\"750\" height=\"499\" srcset=\"https:\/\/www.daniperezfotografia.es\/wordpress\/wp-content\/uploads\/2016\/12\/02-11035-post\/fotografo-de-bautizos-en-rivas-vaciamadrid-album-01-750x499.jpg 750w, https:\/\/www.daniperezfotografia.es\/wordpress\/wp-content\/uploads\/2016\/12\/02-11035-post\/fotografo-de-bautizos-en-rivas-vaciamadrid-album-01-768x511.jpg 768w, https:\/\/www.daniperezfotografia.es\/wordpress\/wp-content\/uploads\/2016\/12\/02-11035-post\/fotografo-de-bautizos-en-rivas-vaciamadrid-album-01-273x182.jpg 273w, https:\/\/www.daniperezfotografia.es\/wordpress\/wp-content\/uploads\/2016\/12\/02-11035-post\/fotografo-de-bautizos-en-rivas-vaciamadrid-album-01-546x364.jpg 546w, https:\/\/www.daniperezfotografia.es\/wordpress\/wp-content\/uploads\/2016\/12\/02-11035-post\/fotografo-de-bautizos-en-rivas-vaciamadrid-album-01-736x490.jpg 736w, https:\/\/www.daniperezfotografia.es\/wordpress\/wp-content\/uploads\/2016\/12\/02-11035-post\/fotografo-de-bautizos-en-rivas-vaciamadrid-album-01.jpg 900w\" sizes=\"auto, (max-width: 750px) 100vw, 750px\" \/><br \/>\n<\/div><\/div>\n<div class=\"su-column su-column-size-1-2\"><div class=\"su-column-inner su-u-clearfix su-u-trim\">\n<img loading=\"lazy\" decoding=\"async\" class=\"alignnone wp-image-11039 size-medium\" src=\"http:\/\/www.daniperezfotografia.es\/wordpress\/wp-content\/uploads\/2016\/12\/02-11035-post\/fotografo-de-bautizos-en-rivas-vaciamadrid-album-04-750x499.jpg\" alt=\"fotografo de bautizos en rivas vaciamadrid\" width=\"750\" height=\"499\" srcset=\"https:\/\/www.daniperezfotografia.es\/wordpress\/wp-content\/uploads\/2016\/12\/02-11035-post\/fotografo-de-bautizos-en-rivas-vaciamadrid-album-04-750x499.jpg 750w, https:\/\/www.daniperezfotografia.es\/wordpress\/wp-content\/uploads\/2016\/12\/02-11035-post\/fotografo-de-bautizos-en-rivas-vaciamadrid-album-04-768x511.jpg 768w, https:\/\/www.daniperezfotografia.es\/wordpress\/wp-content\/uploads\/2016\/12\/02-11035-post\/fotografo-de-bautizos-en-rivas-vaciamadrid-album-04.jpg 900w\" sizes=\"auto, (max-width: 750px) 100vw, 750px\" \/><br \/>\n<\/div><\/div>\n<\/div>\n<div class=\"su-row\">\n<div class=\"su-column su-column-size-1-2\"><div class=\"su-column-inner su-u-clearfix su-u-trim\">\n<img loading=\"lazy\" decoding=\"async\" class=\"alignnone wp-image-11045 size-medium\" src=\"http:\/\/www.daniperezfotografia.es\/wordpress\/wp-content\/uploads\/2016\/12\/02-11035-post\/fotografo-de-bautizos-en-rivas-vaciamadrid-album-13-750x499.jpg\" alt=\"album de bautizo en rivas vaciamadrid\" width=\"750\" height=\"499\" srcset=\"https:\/\/www.daniperezfotografia.es\/wordpress\/wp-content\/uploads\/2016\/12\/02-11035-post\/fotografo-de-bautizos-en-rivas-vaciamadrid-album-13-750x499.jpg 750w, https:\/\/www.daniperezfotografia.es\/wordpress\/wp-content\/uploads\/2016\/12\/02-11035-post\/fotografo-de-bautizos-en-rivas-vaciamadrid-album-13-768x511.jpg 768w, https:\/\/www.daniperezfotografia.es\/wordpress\/wp-content\/uploads\/2016\/12\/02-11035-post\/fotografo-de-bautizos-en-rivas-vaciamadrid-album-13.jpg 900w\" sizes=\"auto, (max-width: 750px) 100vw, 750px\" \/><br \/>\n<\/div><\/div>\n<div class=\"su-column su-column-size-1-2\"><div class=\"su-column-inner su-u-clearfix su-u-trim\">\n<img loading=\"lazy\" decoding=\"async\" class=\"alignnone wp-image-11047 size-medium\" src=\"http:\/\/www.daniperezfotografia.es\/wordpress\/wp-content\/uploads\/2016\/12\/02-11035-post\/fotografo-de-bautizos-en-rivas-vaciamadrid-album-17-750x499.jpg\" alt=\"album de bautizo en rivas vaciamadrid\" width=\"750\" height=\"499\" srcset=\"https:\/\/www.daniperezfotografia.es\/wordpress\/wp-content\/uploads\/2016\/12\/02-11035-post\/fotografo-de-bautizos-en-rivas-vaciamadrid-album-17-750x499.jpg 750w, https:\/\/www.daniperezfotografia.es\/wordpress\/wp-content\/uploads\/2016\/12\/02-11035-post\/fotografo-de-bautizos-en-rivas-vaciamadrid-album-17-768x511.jpg 768w, https:\/\/www.daniperezfotografia.es\/wordpress\/wp-content\/uploads\/2016\/12\/02-11035-post\/fotografo-de-bautizos-en-rivas-vaciamadrid-album-17.jpg 900w\" sizes=\"auto, (max-width: 750px) 100vw, 750px\" \/><br \/>\n<\/div><\/div>\n<\/div>\n<p>Si quieres ejemplos de <a href=\"https:\/\/www.daniperezfotografia.es\/wordpress\/albumes-fotos\">\u00e1lbumes de fotos de bautizo<\/a>, te invito a visitar nuestra secci\u00f3n \u00e1lbumes.<\/p>\n<h3>Como elegimos las fotos que incluye el \u00e1lbum<\/h3>\n<p>Desde vuestra galer\u00eda online privada, pod\u00e9is hacer la selecci\u00f3n de vuestras fotos favoritas. Con ellas, dise\u00f1aremos el \u00e1lbum. Os lo presentaremos para que lo revis\u00e9is. Si necesita alguna modificaci\u00f3n, actualizaremos el dise\u00f1o y una vez quede aprobado, se enviar\u00e1 a imprenta. El plazo estimado de entrega es de dos semanas aproximadamente. Una vez lo recibimos impreso, se revisa y si esta todo correcto, os lo enviaremos a vuestra casa por agencia en 24h.<\/p>\n<div class=\"su-row\">\n<div class=\"su-column su-column-size-1-2\"><div class=\"su-column-inner su-u-clearfix su-u-trim\">\n<img loading=\"lazy\" decoding=\"async\" class=\"alignnone wp-image-11044 size-medium\" src=\"http:\/\/www.daniperezfotografia.es\/wordpress\/wp-content\/uploads\/2016\/12\/02-11035-post\/fotografo-de-bautizos-en-rivas-vaciamadrid-album-09-750x499.jpg\" alt=\"album de bautizo en rivas vaciamadrid\" width=\"750\" height=\"499\" srcset=\"https:\/\/www.daniperezfotografia.es\/wordpress\/wp-content\/uploads\/2016\/12\/02-11035-post\/fotografo-de-bautizos-en-rivas-vaciamadrid-album-09-750x499.jpg 750w, https:\/\/www.daniperezfotografia.es\/wordpress\/wp-content\/uploads\/2016\/12\/02-11035-post\/fotografo-de-bautizos-en-rivas-vaciamadrid-album-09-768x511.jpg 768w, https:\/\/www.daniperezfotografia.es\/wordpress\/wp-content\/uploads\/2016\/12\/02-11035-post\/fotografo-de-bautizos-en-rivas-vaciamadrid-album-09.jpg 900w\" sizes=\"auto, (max-width: 750px) 100vw, 750px\" \/><br \/>\n<\/div><\/div>\n<div class=\"su-column su-column-size-1-2\"><div class=\"su-column-inner su-u-clearfix su-u-trim\">\n<img loading=\"lazy\" decoding=\"async\" class=\"alignnone wp-image-11040 size-medium\" src=\"http:\/\/www.daniperezfotografia.es\/wordpress\/wp-content\/uploads\/2016\/12\/02-11035-post\/fotografo-de-bautizos-en-rivas-vaciamadrid-album-05-750x499.jpg\" alt=\"fotografo de bautizos en rivas vaciamadrid\" width=\"750\" height=\"499\" srcset=\"https:\/\/www.daniperezfotografia.es\/wordpress\/wp-content\/uploads\/2016\/12\/02-11035-post\/fotografo-de-bautizos-en-rivas-vaciamadrid-album-05-750x499.jpg 750w, https:\/\/www.daniperezfotografia.es\/wordpress\/wp-content\/uploads\/2016\/12\/02-11035-post\/fotografo-de-bautizos-en-rivas-vaciamadrid-album-05-768x511.jpg 768w, https:\/\/www.daniperezfotografia.es\/wordpress\/wp-content\/uploads\/2016\/12\/02-11035-post\/fotografo-de-bautizos-en-rivas-vaciamadrid-album-05.jpg 900w\" sizes=\"auto, (max-width: 750px) 100vw, 750px\" \/><br \/>\n<\/div><\/div>\n<\/div>\n<p>Una vez aprobado el dise\u00f1o y previo al envi\u00f3 a imprenta, deber\u00e9is <strong>elegir el material y color de las tapas<\/strong> del \u00e1lbum, as\u00ed como el <strong>texto que prensaremos en las tapas<\/strong>. Disponemos de dos materiales para las tapas del \u00e1lbum de bautizo. Uno estilo lino y otra denominado \u00abcha\u00bb por el laboratorio, que tiene un toque aterciopelado precioso.<\/p>\n<h3>Colores de tapizado para el material lino<\/h3>\n<p><img loading=\"lazy\" decoding=\"async\" class=\"alignnone wp-image-14068 size-full\" src=\"http:\/\/www.daniperezfotografia.es\/wordpress\/wp-content\/uploads\/2020\/06\/color-materiales-lino-tapas-album.jpg\" alt=\"colores para tapas de album tapizado estilo lino\" width=\"1100\" height=\"825\" srcset=\"https:\/\/www.daniperezfotografia.es\/wordpress\/wp-content\/uploads\/2020\/06\/color-materiales-lino-tapas-album.jpg 1100w, https:\/\/www.daniperezfotografia.es\/wordpress\/wp-content\/uploads\/2020\/06\/color-materiales-lino-tapas-album-750x563.jpg 750w, https:\/\/www.daniperezfotografia.es\/wordpress\/wp-content\/uploads\/2020\/06\/color-materiales-lino-tapas-album-1024x768.jpg 1024w, https:\/\/www.daniperezfotografia.es\/wordpress\/wp-content\/uploads\/2020\/06\/color-materiales-lino-tapas-album-768x576.jpg 768w\" sizes=\"auto, (max-width: 1100px) 100vw, 1100px\" \/><\/p>\n<h3>Colores de tapizado para el material aterciopelado<\/h3>\n<p><img loading=\"lazy\" decoding=\"async\" class=\"alignnone wp-image-14067 size-full\" src=\"http:\/\/www.daniperezfotografia.es\/wordpress\/wp-content\/uploads\/2020\/06\/color-materiales-cha-tapas-album.jpg\" alt=\"colores tapas album estilo aterciopelado\" width=\"1100\" height=\"550\" srcset=\"https:\/\/www.daniperezfotografia.es\/wordpress\/wp-content\/uploads\/2020\/06\/color-materiales-cha-tapas-album.jpg 1100w, https:\/\/www.daniperezfotografia.es\/wordpress\/wp-content\/uploads\/2020\/06\/color-materiales-cha-tapas-album-750x375.jpg 750w, https:\/\/www.daniperezfotografia.es\/wordpress\/wp-content\/uploads\/2020\/06\/color-materiales-cha-tapas-album-1024x512.jpg 1024w, https:\/\/www.daniperezfotografia.es\/wordpress\/wp-content\/uploads\/2020\/06\/color-materiales-cha-tapas-album-768x384.jpg 768w\" sizes=\"auto, (max-width: 1100px) 100vw, 1100px\" \/><\/p>\n<h2>\u00bfCual es el precio de un reportaje de bautizos?<\/h2>\n<p>Cada una de las partes que podemos fotografiar en un bautizo, se puede contratar por separado. De este modo cada familia puede <strong>personalizar la cobertura<\/strong> en la medida de sus posibilidades. Para conocer todos los detalle, pod\u00e9is acceder a nuestra secci\u00f3n de <a href=\"http:\/\/www.daniperezfotografia.es\/wordpress\/email-telefono-fotografo-madrid\">precios de reportajes de bautizo<\/a>.<\/p>\n<div class=\"su-button-center\"><a href=\"http:\/\/www.daniperezfotografia.es\/wordpress\/email-telefono-fotografo-madrid\" class=\"su-button su-button-style-flat\" style=\"color:#FFFFFF;background-color:#c3b8a6;border-color:#9c9485;border-radius:0px\" target=\"_self\" rel=\"nofollow\"><span style=\"color:#FFFFFF;padding:0px 46px;font-size:33px;line-height:66px;border-color:#d5cec1;border-radius:0px;text-shadow:none\"> SOLICITAR PRESUPUESTO<\/span><\/a><\/div>\n","protected":false},"excerpt":{"rendered":"<p>\u00bfTe gustar\u00eda conservar los mejores momentos del bautizo de tu beb\u00e9, con fotos originales y naturales? O tal vez \u00bfbuscas un regalo especial y has pensado en regalar el reportaje de fotos del bautizo? Soy Dani, fot\u00f3grafo profesional de bautizos en Madrid. Gracias por interesarte en mi trabajo.<\/p>\n","protected":false},"author":3,"featured_media":0,"parent":0,"menu_order":0,"comment_status":"closed","ping_status":"closed","template":"","meta":{"footnotes":""},"class_list":["post-10680","page","type-page","status-publish","hentry"],"blocksy_meta":{"styles_descriptor":{"styles":{"desktop":"","tablet":"","mobile":""},"google_fonts":[],"version":6}},"yoast_head":"<!-- This site is optimized with the Yoast SEO plugin v27.4 - https:\/\/yoast.com\/product\/yoast-seo-wordpress\/ -->\n<title>Estas Buscando un [Fotografo de Bautizos en Madrid] Puedo ayudarte<\/title>\n<meta name=\"description\" content=\"Hola soy Dani, FOTOGRAFO DE BAUTIZOS EN MADRID. Seria un honor para mi, compartir este d\u00eda con vosotros y fotografiar el bautizo de vuestro bebe \u00bfHablamos?\" \/>\n<meta name=\"robots\" content=\"index, follow, max-snippet:-1, max-image-preview:large, max-video-preview:-1\" \/>\n<link rel=\"canonical\" href=\"http:\/\/www.daniperezfotografia.es\/wordpress\/fotografo-bautizo-madrid\" \/>\n<meta property=\"og:locale\" content=\"es_ES\" \/>\n<meta property=\"og:type\" content=\"article\" \/>\n<meta property=\"og:title\" content=\"Estas Buscando un [Fotografo de Bautizos en Madrid] Puedo ayudarte\" \/>\n<meta property=\"og:description\" content=\"Hola soy Dani, FOTOGRAFO DE BAUTIZOS EN MADRID. Seria un honor para mi, compartir este d\u00eda con vosotros y fotografiar el bautizo de vuestro bebe \u00bfHablamos?\" \/>\n<meta property=\"og:url\" content=\"http:\/\/www.daniperezfotografia.es\/wordpress\/fotografo-bautizo-madrid\" \/>\n<meta property=\"og:site_name\" content=\"Dani Perez Fotografia | Fotografo Profesional en Madrid\" \/>\n<meta property=\"article:publisher\" content=\"https:\/\/www.facebook.com\/daniperezfotografia\" \/>\n<meta property=\"article:modified_time\" content=\"2021-04-30T09:43:50+00:00\" \/>\n<meta property=\"og:image\" content=\"http:\/\/www.daniperezfotografia.es\/wordpress\/wp-content\/uploads\/2020\/05\/foto-bautizo-hijos-famosos-carlos-baute-astrid-klisans.jpg\" \/>\n<meta name=\"twitter:card\" content=\"summary_large_image\" \/>\n<meta name=\"twitter:site\" content=\"@daniperezfoto\" \/>\n<meta name=\"twitter:label1\" content=\"Tiempo de lectura\" \/>\n\t<meta name=\"twitter:data1\" content=\"15 minutos\" \/>\n<script type=\"application\/ld+json\" class=\"yoast-schema-graph\">{\"@context\":\"https:\\\/\\\/schema.org\",\"@graph\":[{\"@type\":\"WebPage\",\"@id\":\"http:\\\/\\\/www.daniperezfotografia.es\\\/wordpress\\\/fotografo-bautizo-madrid\",\"url\":\"http:\\\/\\\/www.daniperezfotografia.es\\\/wordpress\\\/fotografo-bautizo-madrid\",\"name\":\"Estas Buscando un [Fotografo de Bautizos en Madrid] Puedo ayudarte\",\"isPartOf\":{\"@id\":\"https:\\\/\\\/www.daniperezfotografia.es\\\/wordpress\\\/#website\"},\"primaryImageOfPage\":{\"@id\":\"http:\\\/\\\/www.daniperezfotografia.es\\\/wordpress\\\/fotografo-bautizo-madrid#primaryimage\"},\"image\":{\"@id\":\"http:\\\/\\\/www.daniperezfotografia.es\\\/wordpress\\\/fotografo-bautizo-madrid#primaryimage\"},\"thumbnailUrl\":\"http:\\\/\\\/www.daniperezfotografia.es\\\/wordpress\\\/wp-content\\\/uploads\\\/2020\\\/05\\\/foto-bautizo-hijos-famosos-carlos-baute-astrid-klisans.jpg\",\"datePublished\":\"2016-05-12T22:42:37+00:00\",\"dateModified\":\"2021-04-30T09:43:50+00:00\",\"description\":\"Hola soy Dani, FOTOGRAFO DE BAUTIZOS EN MADRID. Seria un honor para mi, compartir este d\u00eda con vosotros y fotografiar el bautizo de vuestro bebe \u00bfHablamos?\",\"breadcrumb\":{\"@id\":\"http:\\\/\\\/www.daniperezfotografia.es\\\/wordpress\\\/fotografo-bautizo-madrid#breadcrumb\"},\"inLanguage\":\"es\",\"potentialAction\":[{\"@type\":\"ReadAction\",\"target\":[\"http:\\\/\\\/www.daniperezfotografia.es\\\/wordpress\\\/fotografo-bautizo-madrid\"]}]},{\"@type\":\"ImageObject\",\"inLanguage\":\"es\",\"@id\":\"http:\\\/\\\/www.daniperezfotografia.es\\\/wordpress\\\/fotografo-bautizo-madrid#primaryimage\",\"url\":\"http:\\\/\\\/www.daniperezfotografia.es\\\/wordpress\\\/wp-content\\\/uploads\\\/2020\\\/05\\\/foto-bautizo-hijos-famosos-carlos-baute-astrid-klisans.jpg\",\"contentUrl\":\"http:\\\/\\\/www.daniperezfotografia.es\\\/wordpress\\\/wp-content\\\/uploads\\\/2020\\\/05\\\/foto-bautizo-hijos-famosos-carlos-baute-astrid-klisans.jpg\"},{\"@type\":\"BreadcrumbList\",\"@id\":\"http:\\\/\\\/www.daniperezfotografia.es\\\/wordpress\\\/fotografo-bautizo-madrid#breadcrumb\",\"itemListElement\":[{\"@type\":\"ListItem\",\"position\":1,\"name\":\"Portada\",\"item\":\"https:\\\/\\\/www.daniperezfotografia.es\\\/wordpress\\\/\"},{\"@type\":\"ListItem\",\"position\":2,\"name\":\"FOTOGRAFO DE BAUTIZOS EN MADRID\"}]},{\"@type\":\"WebSite\",\"@id\":\"https:\\\/\\\/www.daniperezfotografia.es\\\/wordpress\\\/#website\",\"url\":\"https:\\\/\\\/www.daniperezfotografia.es\\\/wordpress\\\/\",\"name\":\"Dani Perez Fotografia | Fotografo Profesional en Madrid\",\"description\":\"Reportajes de bodas, bautizos, comuniones y sesiones de familia para particulares. Eventos, conferencias y retrato corporativo para empresas. Video de conferencias\",\"publisher\":{\"@id\":\"https:\\\/\\\/www.daniperezfotografia.es\\\/wordpress\\\/#organization\"},\"potentialAction\":[{\"@type\":\"SearchAction\",\"target\":{\"@type\":\"EntryPoint\",\"urlTemplate\":\"https:\\\/\\\/www.daniperezfotografia.es\\\/wordpress\\\/?s={search_term_string}\"},\"query-input\":{\"@type\":\"PropertyValueSpecification\",\"valueRequired\":true,\"valueName\":\"search_term_string\"}}],\"inLanguage\":\"es\"},{\"@type\":\"Organization\",\"@id\":\"https:\\\/\\\/www.daniperezfotografia.es\\\/wordpress\\\/#organization\",\"name\":\"Dani Perez Fotografia y Video\",\"url\":\"https:\\\/\\\/www.daniperezfotografia.es\\\/wordpress\\\/\",\"logo\":{\"@type\":\"ImageObject\",\"inLanguage\":\"es\",\"@id\":\"https:\\\/\\\/www.daniperezfotografia.es\\\/wordpress\\\/#\\\/schema\\\/logo\\\/image\\\/\",\"url\":\"\",\"contentUrl\":\"\",\"caption\":\"Dani Perez Fotografia y Video\"},\"image\":{\"@id\":\"https:\\\/\\\/www.daniperezfotografia.es\\\/wordpress\\\/#\\\/schema\\\/logo\\\/image\\\/\"},\"sameAs\":[\"https:\\\/\\\/www.facebook.com\\\/daniperezfotografia\",\"https:\\\/\\\/x.com\\\/daniperezfoto\",\"https:\\\/\\\/instagram.com\\\/daniperezfotografia\\\/\",\"https:\\\/\\\/www.linkedin.com\\\/pub\\\/dani-perez-fotografo\\\/b2\\\/3b0\\\/594\"]}]}<\/script>\n<!-- \/ Yoast SEO plugin. -->","yoast_head_json":{"title":"Estas Buscando un [Fotografo de Bautizos en Madrid] Puedo ayudarte","description":"Hola soy Dani, FOTOGRAFO DE BAUTIZOS EN MADRID. Seria un honor para mi, compartir este d\u00eda con vosotros y fotografiar el bautizo de vuestro bebe \u00bfHablamos?","robots":{"index":"index","follow":"follow","max-snippet":"max-snippet:-1","max-image-preview":"max-image-preview:large","max-video-preview":"max-video-preview:-1"},"canonical":"http:\/\/www.daniperezfotografia.es\/wordpress\/fotografo-bautizo-madrid","og_locale":"es_ES","og_type":"article","og_title":"Estas Buscando un [Fotografo de Bautizos en Madrid] Puedo ayudarte","og_description":"Hola soy Dani, FOTOGRAFO DE BAUTIZOS EN MADRID. Seria un honor para mi, compartir este d\u00eda con vosotros y fotografiar el bautizo de vuestro bebe \u00bfHablamos?","og_url":"http:\/\/www.daniperezfotografia.es\/wordpress\/fotografo-bautizo-madrid","og_site_name":"Dani Perez Fotografia | Fotografo Profesional en Madrid","article_publisher":"https:\/\/www.facebook.com\/daniperezfotografia","article_modified_time":"2021-04-30T09:43:50+00:00","og_image":[{"url":"http:\/\/www.daniperezfotografia.es\/wordpress\/wp-content\/uploads\/2020\/05\/foto-bautizo-hijos-famosos-carlos-baute-astrid-klisans.jpg","type":"","width":"","height":""}],"twitter_card":"summary_large_image","twitter_site":"@daniperezfoto","twitter_misc":{"Tiempo de lectura":"15 minutos"},"schema":{"@context":"https:\/\/schema.org","@graph":[{"@type":"WebPage","@id":"http:\/\/www.daniperezfotografia.es\/wordpress\/fotografo-bautizo-madrid","url":"http:\/\/www.daniperezfotografia.es\/wordpress\/fotografo-bautizo-madrid","name":"Estas Buscando un [Fotografo de Bautizos en Madrid] Puedo ayudarte","isPartOf":{"@id":"https:\/\/www.daniperezfotografia.es\/wordpress\/#website"},"primaryImageOfPage":{"@id":"http:\/\/www.daniperezfotografia.es\/wordpress\/fotografo-bautizo-madrid#primaryimage"},"image":{"@id":"http:\/\/www.daniperezfotografia.es\/wordpress\/fotografo-bautizo-madrid#primaryimage"},"thumbnailUrl":"http:\/\/www.daniperezfotografia.es\/wordpress\/wp-content\/uploads\/2020\/05\/foto-bautizo-hijos-famosos-carlos-baute-astrid-klisans.jpg","datePublished":"2016-05-12T22:42:37+00:00","dateModified":"2021-04-30T09:43:50+00:00","description":"Hola soy Dani, FOTOGRAFO DE BAUTIZOS EN MADRID. Seria un honor para mi, compartir este d\u00eda con vosotros y fotografiar el bautizo de vuestro bebe \u00bfHablamos?","breadcrumb":{"@id":"http:\/\/www.daniperezfotografia.es\/wordpress\/fotografo-bautizo-madrid#breadcrumb"},"inLanguage":"es","potentialAction":[{"@type":"ReadAction","target":["http:\/\/www.daniperezfotografia.es\/wordpress\/fotografo-bautizo-madrid"]}]},{"@type":"ImageObject","inLanguage":"es","@id":"http:\/\/www.daniperezfotografia.es\/wordpress\/fotografo-bautizo-madrid#primaryimage","url":"http:\/\/www.daniperezfotografia.es\/wordpress\/wp-content\/uploads\/2020\/05\/foto-bautizo-hijos-famosos-carlos-baute-astrid-klisans.jpg","contentUrl":"http:\/\/www.daniperezfotografia.es\/wordpress\/wp-content\/uploads\/2020\/05\/foto-bautizo-hijos-famosos-carlos-baute-astrid-klisans.jpg"},{"@type":"BreadcrumbList","@id":"http:\/\/www.daniperezfotografia.es\/wordpress\/fotografo-bautizo-madrid#breadcrumb","itemListElement":[{"@type":"ListItem","position":1,"name":"Portada","item":"https:\/\/www.daniperezfotografia.es\/wordpress\/"},{"@type":"ListItem","position":2,"name":"FOTOGRAFO DE BAUTIZOS EN MADRID"}]},{"@type":"WebSite","@id":"https:\/\/www.daniperezfotografia.es\/wordpress\/#website","url":"https:\/\/www.daniperezfotografia.es\/wordpress\/","name":"Dani Perez Fotografia | Fotografo Profesional en Madrid","description":"Reportajes de bodas, bautizos, comuniones y sesiones de familia para particulares. Eventos, conferencias y retrato corporativo para empresas. Video de conferencias","publisher":{"@id":"https:\/\/www.daniperezfotografia.es\/wordpress\/#organization"},"potentialAction":[{"@type":"SearchAction","target":{"@type":"EntryPoint","urlTemplate":"https:\/\/www.daniperezfotografia.es\/wordpress\/?s={search_term_string}"},"query-input":{"@type":"PropertyValueSpecification","valueRequired":true,"valueName":"search_term_string"}}],"inLanguage":"es"},{"@type":"Organization","@id":"https:\/\/www.daniperezfotografia.es\/wordpress\/#organization","name":"Dani Perez Fotografia y Video","url":"https:\/\/www.daniperezfotografia.es\/wordpress\/","logo":{"@type":"ImageObject","inLanguage":"es","@id":"https:\/\/www.daniperezfotografia.es\/wordpress\/#\/schema\/logo\/image\/","url":"","contentUrl":"","caption":"Dani Perez Fotografia y Video"},"image":{"@id":"https:\/\/www.daniperezfotografia.es\/wordpress\/#\/schema\/logo\/image\/"},"sameAs":["https:\/\/www.facebook.com\/daniperezfotografia","https:\/\/x.com\/daniperezfoto","https:\/\/instagram.com\/daniperezfotografia\/","https:\/\/www.linkedin.com\/pub\/dani-perez-fotografo\/b2\/3b0\/594"]}]}},"_links":{"self":[{"href":"https:\/\/www.daniperezfotografia.es\/wordpress\/wp-json\/wp\/v2\/pages\/10680","targetHints":{"allow":["GET"]}}],"collection":[{"href":"https:\/\/www.daniperezfotografia.es\/wordpress\/wp-json\/wp\/v2\/pages"}],"about":[{"href":"https:\/\/www.daniperezfotografia.es\/wordpress\/wp-json\/wp\/v2\/types\/page"}],"author":[{"embeddable":true,"href":"https:\/\/www.daniperezfotografia.es\/wordpress\/wp-json\/wp\/v2\/users\/3"}],"replies":[{"embeddable":true,"href":"https:\/\/www.daniperezfotografia.es\/wordpress\/wp-json\/wp\/v2\/comments?post=10680"}],"version-history":[{"count":3,"href":"https:\/\/www.daniperezfotografia.es\/wordpress\/wp-json\/wp\/v2\/pages\/10680\/revisions"}],"predecessor-version":[{"id":14533,"href":"https:\/\/www.daniperezfotografia.es\/wordpress\/wp-json\/wp\/v2\/pages\/10680\/revisions\/14533"}],"wp:attachment":[{"href":"https:\/\/www.daniperezfotografia.es\/wordpress\/wp-json\/wp\/v2\/media?parent=10680"}],"curies":[{"name":"wp","href":"https:\/\/api.w.org\/{rel}","templated":true}]}}